{"id":15742,"date":"2025-08-12T11:04:13","date_gmt":"2025-08-12T09:04:13","guid":{"rendered":"https:\/\/diasporascholarship.hu\/news\/hungarys-new-frontier-a-scientific-renaissance-from-orbit-to-algorithms\/"},"modified":"2025-08-12T11:19:09","modified_gmt":"2025-08-12T09:19:09","slug":"hungarys-new-frontier-a-scientific-renaissance-from-orbit-to-algorithms","status":"publish","type":"portfolio","link":"https:\/\/diasporascholarship.hu\/hu\/hir\/hungarys-new-frontier-a-scientific-renaissance-from-orbit-to-algorithms\/","title":{"rendered":"Magyarorsz\u00e1g \u00faj tudom\u00e1nyos korszakba l\u00e9pett \u2013 egyre t\u00f6bb magyar kutat\u00f3 arat vil\u00e1gsikert"},"content":{"rendered":"<h2><strong>1. <\/strong><strong>Magyar asztronauta a vil\u00e1g\u0171rben: \u00faj fejezet ny\u00edlt a hazai \u0171rkutat\u00e1sban<\/strong><\/h2>\n<p>T\u00f6bb \u00e9vtized ut\u00e1n ism\u00e9t magyar \u0171rhaj\u00f3s j\u00e1rt az \u0171rben: Kapu Tibor t\u00f6rt\u00e9nelmet \u00edrt, amikor az Axiom Mission 4 keret\u00e9ben feljutott a Nemzetk\u00f6zi \u0170r\u00e1llom\u00e1sra, ahol magyar fejleszt\u00e9s\u0171 kutat\u00e1si projektek megval\u00f3s\u00edt\u00e1s\u00e1n dolgozott. A HUNOR \u0171rprogram keret\u00e9ben olyan ter\u00fcleteken v\u00e9gzett k\u00eds\u00e9rleteket, mint az orvostudom\u00e1ny, biol\u00f3gia, navig\u00e1ci\u00f3 vagy \u00e9pp a n\u00f6v\u00e9nytan \u2013 mindezt mikrogravit\u00e1ci\u00f3s k\u00f6rnyezetben. T\u00f6bbek k\u00f6z\u00f6tt gy\u00f3gyszeradagol\u00f3 rendszerek tesztel\u00e9se, sug\u00e1rz\u00e1sm\u00e9r\u0151 nanoszenzorok alkalmaz\u00e1sa, vagy a n\u00f6v\u00e9nyek fejl\u0151d\u00e9s\u00e9nek vizsg\u00e1lata alacsony szel\u00e9nszint mellett szerepelt a kutat\u00e1si programban. Magyar kutat\u00f3k \u2013 k\u00f6zt\u00fck az <a href=\"https:\/\/www.elte.hu\/content\/mire-keresik-a-valaszt-a-magyar-urhajossal-az-elte-kutatoi.t.32843\" target=\"_blank\" rel=\"noopener\">ELTE<\/a> \u00e9s a <a href=\"https:\/\/www.bme.hu\/hirek\/250625\/kapu-tibor-urhajos-axiom-4-misszio-felbocsatas\" target=\"_blank\" rel=\"noopener\">BME<\/a> szakemberei \u2013 akt\u00edvan r\u00e9szt vesznek a projektben, amelynek tudom\u00e1nyos h\u00e1tter\u00e9r\u0151l r\u00e9szletesebben az egyetemek besz\u00e1mol\u00f3iban olvashatsz.<\/p>\n<p><img loading=\"lazy\" decoding=\"async\" class=\"wp-image-15727 aligncenter\" src=\"https:\/\/diasporascholarship.hu\/wp-content\/uploads\/\/iss073e0249461medium-300x200.jpg\" alt=\"The astronauts of the Axiom Mission 4 (Ax-4)\" width=\"600\" height=\"400\" srcset=\"https:\/\/diasporascholarship.hu\/wp-content\/uploads\/iss073e0249461medium-300x200.jpg 300w, https:\/\/diasporascholarship.hu\/wp-content\/uploads\/iss073e0249461medium-1030x686.jpg 1030w, https:\/\/diasporascholarship.hu\/wp-content\/uploads\/iss073e0249461medium-768x512.jpg 768w, https:\/\/diasporascholarship.hu\/wp-content\/uploads\/iss073e0249461medium-391x260.jpg 391w, https:\/\/diasporascholarship.hu\/wp-content\/uploads\/iss073e0249461medium-705x470.jpg 705w, https:\/\/diasporascholarship.hu\/wp-content\/uploads\/iss073e0249461medium.jpg 1280w\" sizes=\"auto, (max-width: 600px) 100vw, 600px\" \/><\/p>\n<p style=\"text-align: center;\"><em>Az als\u00f3 bal sarokban Kapu Tibor p\u00f3zol az Axiom Mission 4 (Ax-4) leg\u00e9nys\u00e9g\u00e9nek t\u00f6bbi tagj\u00e1val egy\u00fctt, akikhez az 73. exped\u00edci\u00f3 csapattagjai is csatlakoztak egy csoportk\u00e9pen az Nemzetk\u00f6zi \u0170r\u00e1llom\u00e1son.<br data-start=\"224\" data-end=\"227\" \/>K\u00e9p forr\u00e1sa: <a href=\"http:\/\/images.nasa.gov\/details\/iss073e0249461\" target=\"_blank\" rel=\"noopener\">NASA<\/a><\/em><\/p>\n<h2><strong>2. L\u00e9zeres diagnosztika egy csepp v\u00e9rb\u0151l<\/strong><\/h2>\n<p>Krausz Ferenc Nobel-d\u00edjas fizikus \u00e9s kutat\u00f3csoportja olyan diagnosztikai m\u00f3dszert dolgozott ki, amely egyetlen v\u00e9rcsepp alapj\u00e1n k\u00e9pes jelezni kr\u00f3nikus betegs\u00e9gekeket \u2013 p\u00e9ld\u00e1ul r\u00e1kot, cukorbetegs\u00e9get vagy magas v\u00e9rnyom\u00e1st.<br \/>\nA vizsg\u00e1lat l\u00e9zerek \u00e9s mesters\u00e9ges intelligencia seg\u00edts\u00e9g\u00e9vel \u00fan. \u201emolekul\u00e1ris ujjlenyomatot\u201d k\u00e9sz\u00edt, amely alapj\u00e1n rendk\u00edv\u00fcl pontos el\u0151rejelz\u00e9sek adhat\u00f3k.<br \/>\nA hossz\u00fa t\u00e1v\u00fa kutat\u00e1s jelenleg 15\u202f000 f\u0151 bevon\u00e1s\u00e1val N\u00e9metorsz\u00e1gban \u00e9s Magyarorsz\u00e1gon zajlik, \u00e9s j\u00f3 es\u00e9llyel forradalmas\u00edthatja a megel\u0151z\u0151 orvosl\u00e1st. Tov\u00e1bbi inform\u00e1ci\u00f3k <a href=\"https:\/\/semmelweis.hu\/hirek\/2025\/02\/17\/dr-krausz-ferenc-a-2024-evi-semmelweis-budapest-award-dijazottja\/\" target=\"_blank\" rel=\"noopener\">ITT<\/a> tal\u00e1lhat\u00f3ak.<\/p>\n<p><img loading=\"lazy\" decoding=\"async\" class=\"wp-image-15733 aligncenter\" src=\"https:\/\/diasporascholarship.hu\/wp-content\/uploads\/\/Krausz_Ferenc_Semmelweis-min-300x200.jpg\" alt=\"\" width=\"600\" height=\"400\" srcset=\"https:\/\/diasporascholarship.hu\/wp-content\/uploads\/Krausz_Ferenc_Semmelweis-min-300x200.jpg 300w, https:\/\/diasporascholarship.hu\/wp-content\/uploads\/Krausz_Ferenc_Semmelweis-min-1030x687.jpg 1030w, https:\/\/diasporascholarship.hu\/wp-content\/uploads\/Krausz_Ferenc_Semmelweis-min-768x512.jpg 768w, https:\/\/diasporascholarship.hu\/wp-content\/uploads\/Krausz_Ferenc_Semmelweis-min-391x260.jpg 391w, https:\/\/diasporascholarship.hu\/wp-content\/uploads\/Krausz_Ferenc_Semmelweis-min-705x470.jpg 705w, https:\/\/diasporascholarship.hu\/wp-content\/uploads\/Krausz_Ferenc_Semmelweis-min.jpg 1200w\" sizes=\"auto, (max-width: 600px) 100vw, 600px\" \/><\/p>\n<p style=\"text-align: center;\"><em>Bal oldalon Dr. Krausz Ferenc Nobel-d\u00edjas tud\u00f3st Dr. Merkely B\u00e9la rektor a 2024-es Semmelweis Budapest D\u00edjjal t\u00fcnteti ki a Semmelweis Egyetemen rendezett \u00fcnneps\u00e9gen.<br data-start=\"191\" data-end=\"194\" \/>K\u00e9p forr\u00e1sa: <a href=\"https:\/\/semmelweis.hu\/hirek\/files\/2025\/02\/RS209458__19A5358-scr.jpg\" target=\"_blank\" rel=\"noopener\">Semmelweis Egyetem <\/a><\/em><\/p>\n<h2><strong>3. Magyar r\u00e9szv\u00e9tel a CERN \u00e1tt\u00f6r\u00e9seiben<\/strong><\/h2>\n<p>2025-ben a CERN (European Organization for Nuclear Research) n\u00e9gy nagy k\u00eds\u00e9rlete \u2013 ALICE, ATLAS, CMS \u00e9s LHCb \u2013 elnyerte a \u201eBreakthrough Prize in Fundamental Physics\u201d d\u00edjat.<\/p>\n<p><em>A Breakthrough Prize-t 2012-ben azzal a k\u00fcldet\u00e9ssel alap\u00edtott\u00e1k, hogy a d\u00edj oda\u00edt\u00e9l\u00e9se \u00e9vente alkalmat ny\u00fajtson az egy\u00e9ni teljes\u00edtm\u00e9nyek meg\u00fcnnepl\u00e9s\u00e9re \u00e9s a tud\u00f3sok mint t\u00e1rsadalmunk h\u0151seinek az elismer\u00e9s\u00e9re, tov\u00e1bb\u00e1 hogy inspir\u00e1lja a tud\u00f3sok k\u00f6vetkez\u0151 gener\u00e1ci\u00f3j\u00e1t, valamint elismerje a tudom\u00e1ny c\u00e9lj\u00e1t \u00e9s a tudom\u00e1nyos egy\u00fcttm\u0171k\u00f6d\u00e9sek szerep\u00e9t, amelyek politikamentes szervez\u0151d\u00e9sk\u00e9nt mindenki jav\u00e1t szolg\u00e1lj\u00e1k. <\/em><\/p>\n<p>A magyar kutat\u00f3k, k\u00f6zt\u00fck a Wigner Kutat\u00f3k\u00f6zpont \u00e9s az ATOMKI munkat\u00e1rsai fontos szerepet j\u00e1tszottak a r\u00e9szecskefizikai eredm\u00e9nyek \u00e9rtelmez\u00e9s\u00e9ben, k\u00fcl\u00f6n\u00f6sen a Higgs-bozonnal kapcsolatos kutat\u00e1sokban.<br \/>\nMunk\u00e1juk seg\u00edt abban, hogy jobban meg\u00e9rts\u00fck, hogyan m\u0171k\u00f6dik az univerzum \u2013 az eg\u00e9szen apr\u00f3 r\u00e9szecsk\u00e9kt\u0151l a legnagyobb er\u0151kig. <a href=\"https:\/\/hun-ren.hu\/tudomanyos_hirek\/magyar-kutatok-is-reszt-vettek-az-idei-breakthrough-dijas-cern-kiserletekben-108672\" target=\"_blank\" rel=\"noopener\">A HUN REN Magyar Kutat\u00e1si H\u00e1l\u00f3zat oldal\u00e1n olvashat\u00f3k a r\u00e9szletek az elismer\u00e9sr\u0151l \u00e9s a kutat\u00e1sban r\u00e9szt vev\u0151 d\u00edjazott kutat\u00f3kr\u00f3l<\/a>.<\/p>\n<h2><strong>4. <\/strong><strong>Rajintelligencia: \u00f6n\u00e1ll\u00f3 dr\u00f3nok magyar fejleszt\u00e9ssel<\/strong><\/h2>\n<p><img loading=\"lazy\" decoding=\"async\" class=\"aligncenter wp-image-15731\" src=\"https:\/\/diasporascholarship.hu\/wp-content\/uploads\/\/ELTE_drones_2-ezgif.com-webp-to-jpg-converter-300x200.jpg\" alt=\"drones fly in a V-shape, like birds\" width=\"600\" height=\"400\" srcset=\"https:\/\/diasporascholarship.hu\/wp-content\/uploads\/ELTE_drones_2-ezgif.com-webp-to-jpg-converter-300x200.jpg 300w, https:\/\/diasporascholarship.hu\/wp-content\/uploads\/ELTE_drones_2-ezgif.com-webp-to-jpg-converter-1030x687.jpg 1030w, https:\/\/diasporascholarship.hu\/wp-content\/uploads\/ELTE_drones_2-ezgif.com-webp-to-jpg-converter-768x513.jpg 768w, https:\/\/diasporascholarship.hu\/wp-content\/uploads\/ELTE_drones_2-ezgif.com-webp-to-jpg-converter-391x260.jpg 391w, https:\/\/diasporascholarship.hu\/wp-content\/uploads\/ELTE_drones_2-ezgif.com-webp-to-jpg-converter-705x470.jpg 705w, https:\/\/diasporascholarship.hu\/wp-content\/uploads\/ELTE_drones_2-ezgif.com-webp-to-jpg-converter.jpg 1440w\" sizes=\"auto, (max-width: 600px) 100vw, 600px\" \/><\/p>\n<p style=\"text-align: center;\"><em>K\u00e9p forr\u00e1sa: <a href=\"http:\/\/apnews.com\/article\/autonomous-drones-animal-swarms-0e146f4221e81f4442674a125f86501d\" target=\"_blank\" rel=\"noopener\">AP News<\/a><\/em><\/p>\n<p><a href=\"https:\/\/www.elte.hu\/content\/biztonsagos-dronforgalom-a-jovo-okosvarosaiban.t.30888\" target=\"_blank\" rel=\"noopener\"><strong>Az ELTE kutat\u00f3i sz\u00e1z dr\u00f3nb\u00f3l \u00e1ll\u00f3 rendszert hoztak l\u00e9tre<\/strong><\/a>, amely k\u00e9pes k\u00f6zponti ir\u00e1ny\u00edt\u00e1s n\u00e9lk\u00fcl, egym\u00e1ssal egy\u00fcttm\u0171k\u00f6dve m\u0171k\u00f6dni. A dr\u00f3nok viselked\u00e9s\u00e9t az \u00e1llati csoportmozg\u00e1sok inspir\u00e1lt\u00e1k: val\u00f3s id\u0151ben reag\u00e1lnak egym\u00e1sra, ker\u00fclik az akad\u00e1lyokat \u00e9s k\u00e9pesek k\u00f6z\u00f6sen feladatokat v\u00e9gezni.<br \/>\nA fejleszt\u00e9s olyan ter\u00fcleteken hozhat \u00e1tt\u00f6r\u00e9st, mint az id\u0151j\u00e1r\u00e1s-megfigyel\u00e9s, mez\u0151gazdas\u00e1g, k\u00f6rnyezetv\u00e9delem vagy ak\u00e1r a k\u00f6zleked\u00e9s szervez\u00e9se.<\/p>\n<p><img loading=\"lazy\" decoding=\"async\" class=\"aligncenter wp-image-15729\" src=\"https:\/\/diasporascholarship.hu\/wp-content\/uploads\/\/ELTE_drones-ezgif.com-webp-to-jpg-converter-300x200.jpg\" alt=\"\" width=\"600\" height=\"400\" srcset=\"https:\/\/diasporascholarship.hu\/wp-content\/uploads\/ELTE_drones-ezgif.com-webp-to-jpg-converter-300x200.jpg 300w, https:\/\/diasporascholarship.hu\/wp-content\/uploads\/ELTE_drones-ezgif.com-webp-to-jpg-converter-1030x687.jpg 1030w, https:\/\/diasporascholarship.hu\/wp-content\/uploads\/ELTE_drones-ezgif.com-webp-to-jpg-converter-768x513.jpg 768w, https:\/\/diasporascholarship.hu\/wp-content\/uploads\/ELTE_drones-ezgif.com-webp-to-jpg-converter-391x260.jpg 391w, https:\/\/diasporascholarship.hu\/wp-content\/uploads\/ELTE_drones-ezgif.com-webp-to-jpg-converter-705x470.jpg 705w, https:\/\/diasporascholarship.hu\/wp-content\/uploads\/ELTE_drones-ezgif.com-webp-to-jpg-converter.jpg 1440w\" sizes=\"auto, (max-width: 600px) 100vw, 600px\" \/><\/p>\n<p style=\"text-align: center;\"><em>K\u00e9p forr\u00e1sa: <a href=\"http:\/\/apnews.com\/article\/autonomous-drones-animal-swarms-0e146f4221e81f4442674a125f86501d\" target=\"_blank\" rel=\"noopener\">AP News<\/a><\/em><\/p>\n<h2><strong>5. \u00daj geometriai form\u00e1k: a \u201cbille\u201d \u00e9s a \u201el\u00e1gy cell\u00e1k\u201d<\/strong><\/h2>\n<p>A magyar matematikusok \u00fajra \u00e1t\u00edrj\u00e1k a t\u00e9r fogalm\u00e1t. A 2006-ban bemutatott G\u00f6mb\u00f6c \u00f3ta \u2013 az els\u0151 ismert mono-monostatikus, \u00f6nmag\u00e1t mindig visszabillent\u0151 test, amelyet Domokos G\u00e1bor \u00e9s V\u00e1rkonyi P\u00e9ter alkotott meg \u2013 a hazai kutat\u00f3k sorra \u00e9rnek el \u00e1tt\u00f6r\u00e9seket a geometria ter\u00e9n.<\/p>\n<p>2023-ban a BME kutat\u00f3i az Oxfordi Egyetemmel egy\u00fcttm\u0171k\u00f6dve fedezt\u00e9k fel az \u00f6nkiegyenl\u00edt\u0151 poli\u00e9derek egy \u00faj oszt\u00e1ly\u00e1t, az \u00fagynevezett <a href=\"https:\/\/www.bme.hu\/hirek\/240910\/bme-epk-kutatas-lagy-cellak-felfedezes-publikacio\" target=\"_blank\" rel=\"noopener\"><strong>\u201el\u00e1gy cell\u00e1kat\u201d<\/strong><\/a>. Ezek a term\u00e9szetben is megjelen\u0151, lekerek\u00edtett t\u00e9rkit\u00f6lt\u0151 form\u00e1k \u2013 p\u00e9ld\u00e1ul kagyl\u00f3kban vagy izomsejtekben \u2013 nemcsak a biol\u00f3giai szerkezetek jobb meg\u00e9rt\u00e9s\u00e9hez j\u00e1rulhatnak hozz\u00e1, hanem ihletet adhatnak sarkok n\u00e9lk\u00fcli, organikus \u00e9p\u00edt\u00e9szeti megold\u00e1sokhoz is. Az eredm\u00e9nyeket a <a href=\"https:\/\/academic.oup.com\/pnasnexus\/article\/3\/9\/pgae311\/7754698\" target=\"_blank\" rel=\"noopener\"><strong>PNAS Nexus<\/strong><\/a> tudom\u00e1nyos foly\u00f3irat k\u00f6z\u00f6lte.<\/p>\n<p><img loading=\"lazy\" decoding=\"async\" class=\"aligncenter wp-image-15725\" src=\"https:\/\/diasporascholarship.hu\/wp-content\/uploads\/\/BME-TECHflow_20250625_Domokos-Gabor_1024x585px_OK_6-300x171.jpg\" alt=\"BME geometric shape, the 'Bille'\" width=\"600\" height=\"343\" srcset=\"https:\/\/diasporascholarship.hu\/wp-content\/uploads\/BME-TECHflow_20250625_Domokos-Gabor_1024x585px_OK_6-300x171.jpg 300w, https:\/\/diasporascholarship.hu\/wp-content\/uploads\/BME-TECHflow_20250625_Domokos-Gabor_1024x585px_OK_6-1030x589.jpg 1030w, https:\/\/diasporascholarship.hu\/wp-content\/uploads\/BME-TECHflow_20250625_Domokos-Gabor_1024x585px_OK_6-768x439.jpg 768w, https:\/\/diasporascholarship.hu\/wp-content\/uploads\/BME-TECHflow_20250625_Domokos-Gabor_1024x585px_OK_6-705x403.jpg 705w, https:\/\/diasporascholarship.hu\/wp-content\/uploads\/BME-TECHflow_20250625_Domokos-Gabor_1024x585px_OK_6.jpg 1400w\" sizes=\"auto, (max-width: 600px) 100vw, 600px\" \/><\/p>\n<p style=\"text-align: center;\"><em>A &#8216;Bille.&#8217; K\u00e9p forr\u00e1sa: <a href=\"http:\/\/www.bme.hu\/sites\/default\/files\/styles\/news_thumbnail_big\/public\/2025-06\/BME%20TECHflow_20250625_Domokos%20Gabor_1024x585px_OK_6.jpg?itok=OpEtjQrd\" target=\"_blank\" rel=\"noopener\">BME<\/a><\/em><\/p>\n<p>2025 j\u00fanius\u00e1ban Domokos G\u00e1bor \u00e9s csapata \u2013 k\u00f6zt\u00fck v\u00e9gz\u0151s hallgat\u00f3ja, Alm\u00e1di Gerg\u0151 \u2013 \u00fajabb k\u00fcl\u00f6nleges testet mutatott be: a <a href=\"https:\/\/www.bme.hu\/hirek\/250625\/bille-monostabil-tetraeder-domokos-gabor-almadi-gergo\" target=\"_blank\" rel=\"noopener\"><strong>Bill\u00e9t<\/strong><\/a>, a vil\u00e1g els\u0151 monostabil tetra\u00e9der\u00e9t. Ez a n\u00e9gylap\u00fa forma mindig visszabillen stabil helyzet\u00e9be, \u00e9s teljesen \u00faj megk\u00f6zel\u00edt\u00e9st k\u00edn\u00e1lhat a g\u00e9pek, robotok vagy \u0171reszk\u00f6z\u00f6k egyens\u00faly\u00e1nak biztos\u00edt\u00e1s\u00e1ra. Ezek a felfedez\u00e9sek a magyar geometriai kutat\u00e1sok t\u00f6bb \u00e9vtizedes hagyom\u00e1ny\u00e1ra \u00e9p\u00fclnek, \u00e9s j\u00f3l mutatj\u00e1k, hogyan sz\u00fcletnek kutat\u00e1si eredm\u00e9nyekb\u0151l a gyakorlatban is hasznos\u00edthat\u00f3 megold\u00e1sok.<br \/>\nTov\u00e1bbi r\u00e9szletek a <a href=\"https:\/\/www.bme.hu\/hirek\/250625\/bille-monostabil-tetraeder-domokos-gabor-almadi-gergo\" target=\"_blank\" rel=\"noopener\">Bill\u00e9r\u0151l ITT<\/a>, az <a href=\"https:\/\/www.ox.ac.uk\/news\/2024-09-12-mathematicians-discover-new-universal-class-shapes-explain-complex-biological-forms\" target=\"_blank\" rel=\"noopener\">Oxfordi Egyetem \u201el\u00e1gy cell\u00e1kr\u00f3l\u201d sz\u00f3l\u00f3 cikke<\/a> pedig ITT olvashat\u00f3.<\/p>\n<h2><strong>6. <\/strong><strong>HuAMR \u00e9s OpenHuEval: Magyar nyelvfeldolgoz\u00e1s mesters\u00e9ges intelligenci\u00e1val<\/strong><\/h2>\n<p>Magyar kutat\u00f3k a mesters\u00e9ges intelligencia \u00e9s term\u00e9szetes nyelvfeldolgoz\u00e1s ter\u00fclet\u00e9n egyed\u00fcl\u00e1ll\u00f3 eredm\u00e9nyt \u00e9rtek el: megalkott\u00e1k a HuAMR-t, az els\u0151 olyan adatb\u00e1zist \u00e9s eszk\u00f6zk\u00e9szletet, amelyek a magyar mondatok jelent\u00e9s\u00e9nek m\u00e9lyebb meg\u00e9rt\u00e9s\u00e9t seg\u00edtik el\u0151. Munk\u00e1juk sor\u00e1n Llama-alap\u00fa modelleket alkalmaztak, amelyeket gondos manu\u00e1lis ellen\u0151rz\u00e9ssel eg\u00e9sz\u00edtettek ki, hogy jelent\u0151sen jav\u00edts\u00e1k a sz\u00e1m\u00edt\u00f3g\u00e9pek k\u00e9pess\u00e9g\u00e9t a magyar h\u00edrsz\u00f6vegek elemz\u00e9s\u00e9ben. 2025 elej\u00e9n pedig bemutatt\u00e1k az <a href=\"https:\/\/arxiv.org\/abs\/2503.21500?utm_source\" target=\"_blank\" rel=\"noopener\">OpenHuEval<\/a>-t, az els\u0151 olyan tesztet, amely kifejezetten arra szolg\u00e1l, hogy felm\u00e9rje, milyen j\u00f3l boldogulnak a nagy nyelvi modellek a magyar nyelv \u00e9s kult\u00fara saj\u00e1toss\u00e1gaib\u00f3l ered\u0151 kih\u00edv\u00e1sokkal.<\/p>\n<h2><strong>7. \u00daj m<\/strong><strong>agyar \u0171ripari h\u00e1l\u00f3zat: orsz\u00e1gos \u00f6sszefog\u00e1s az \u0171rtudom\u00e1ny\u00e9rt<\/strong><\/h2>\n<p>2025 j\u00falius\u00e1ban Magyarorsz\u00e1g elind\u00edtotta az els\u0151 magyar \u0171ripari h\u00e1l\u00f3zat\u00e1t <em>Hungarian Spacelab Network<\/em> n\u00e9ven, amely kilenc egyetemet, k\u00e9t miniszt\u00e9riumot \u00e9s a HUN-REN kutat\u00f3h\u00e1l\u00f3zatot fog \u00f6ssze. A h\u00e1l\u00f3zat c\u00e9lja, hogy megteremtse azt az infrastruktur\u00e1lis \u00e9s szakmai b\u00e1zist, valamint int\u00e9zm\u00e9nyi h\u00e1tteret, amely megalapozza haz\u00e1nk j\u00f6v\u0151j\u00e9t a nemzetk\u00f6zi \u0171rkutat\u00e1sban \u2013 az oktat\u00e1st\u00f3l \u00e9s innov\u00e1ci\u00f3t\u00f3l kezdve az ipari alkalmaz\u00e1sokon \u00e1t eg\u00e9szen a vil\u00e1g\u0171ri k\u00fcldet\u00e9sekig. <a href=\"https:\/\/www.bme.hu\/hirek\/250714\/hungarian-spacelab-network-urkutatas-bme\" target=\"_blank\" rel=\"noopener\">Olvass b\u0151vebben<\/a> a magyar \u0171ripari h\u00e1l\u00f3zat indul\u00e1s\u00e1r\u00f3l \u00e9s annak jelent\u0151s\u00e9g\u00e9r\u0151l a hazai \u0171rkutat\u00e1s j\u00f6v\u0151j\u00e9re n\u00e9zve.<\/p>\n<p><img loading=\"lazy\" decoding=\"async\" class=\"aligncenter wp-image-15735\" src=\"https:\/\/diasporascholarship.hu\/wp-content\/uploads\/\/bme_space_hub-min-300x171.jpg\" alt=\"\" width=\"600\" height=\"343\" srcset=\"https:\/\/diasporascholarship.hu\/wp-content\/uploads\/bme_space_hub-min-300x171.jpg 300w, https:\/\/diasporascholarship.hu\/wp-content\/uploads\/bme_space_hub-min-1030x589.jpg 1030w, https:\/\/diasporascholarship.hu\/wp-content\/uploads\/bme_space_hub-min-768x439.jpg 768w, https:\/\/diasporascholarship.hu\/wp-content\/uploads\/bme_space_hub-min-705x403.jpg 705w, https:\/\/diasporascholarship.hu\/wp-content\/uploads\/bme_space_hub-min.jpg 1400w\" sizes=\"auto, (max-width: 600px) 100vw, 600px\" \/><\/p>\n<p style=\"text-align: center;\"><em>K\u00e9p forr\u00e1sa: <a href=\"https:\/\/www.bme.hu\/sites\/default\/files\/styles\/news_thumbnail_big\/public\/2025-07\/IMG_7319.JPG?itok=wXVxbKZ_\" target=\"_blank\" rel=\"noopener\">BME<\/a><\/em><\/p>\n","protected":false},"excerpt":{"rendered":"<p>Magyarorsz\u00e1g \u00faj korszakba l\u00e9p, amely a b\u00e1tor, nemzetk\u00f6zileg is elismert tudom\u00e1nyos eredm\u00e9nyeket hoz mag\u00e1val. Az elm\u00falt \u00e9vekben sz\u00e1mos \u00fatt\u00f6r\u0151 innov\u00e1ci\u00f3 sz\u00fcletett, a magyar nyelv\u0171 mesters\u00e9ges intelligenci\u00e1t\u00f3l \u00e9s l\u00e9zeres diagnosztik\u00e1t\u00f3l a r\u00e9szecskefizik\u00e1n \u00e1t az \u00f6n\u00e1ll\u00f3 dr\u00f3nokig. Tibor Kapu \u0171rhaj\u00f3s \u0171rbe jut\u00e1s\u00e1val pedig m\u00e1r az \u00e9g sem szab hat\u00e1rt. Egykor h\u00e1tt\u00e9rbe h\u00faz\u00f3d\u00f3 szerepl\u0151k\u00e9nt, ma Magyarorsz\u00e1g a glob\u00e1lis tudom\u00e1ny j\u00f6v\u0151j\u00e9t form\u00e1lja.<\/p>\n","protected":false},"featured_media":15724,"comment_status":"closed","ping_status":"closed","template":"","tags":[],"portfolio_entries":[39,41],"class_list":["post-15742","portfolio","type-portfolio","status-publish","has-post-thumbnail","hentry","portfolio_entries-aktualis","portfolio_entries-kultura"],"_links":{"self":[{"href":"https:\/\/diasporascholarship.hu\/hu\/wp-json\/wp\/v2\/portfolio\/15742","targetHints":{"allow":["GET"]}}],"collection":[{"href":"https:\/\/diasporascholarship.hu\/hu\/wp-json\/wp\/v2\/portfolio"}],"about":[{"href":"https:\/\/diasporascholarship.hu\/hu\/wp-json\/wp\/v2\/types\/portfolio"}],"replies":[{"embeddable":true,"href":"https:\/\/diasporascholarship.hu\/hu\/wp-json\/wp\/v2\/comments?post=15742"}],"version-history":[{"count":3,"href":"https:\/\/diasporascholarship.hu\/hu\/wp-json\/wp\/v2\/portfolio\/15742\/revisions"}],"predecessor-version":[{"id":15746,"href":"https:\/\/diasporascholarship.hu\/hu\/wp-json\/wp\/v2\/portfolio\/15742\/revisions\/15746"}],"wp:featuredmedia":[{"embeddable":true,"href":"https:\/\/diasporascholarship.hu\/hu\/wp-json\/wp\/v2\/media\/15724"}],"wp:attachment":[{"href":"https:\/\/diasporascholarship.hu\/hu\/wp-json\/wp\/v2\/media?parent=15742"}],"wp:term":[{"taxonomy":"post_tag","embeddable":true,"href":"https:\/\/diasporascholarship.hu\/hu\/wp-json\/wp\/v2\/tags?post=15742"},{"taxonomy":"portfolio_entries","embeddable":true,"href":"https:\/\/diasporascholarship.hu\/hu\/wp-json\/wp\/v2\/portfolio_entries?post=15742"}],"curies":[{"name":"wp","href":"https:\/\/api.w.org\/{rel}","templated":true}]}}