{"id":15657,"date":"2025-07-03T18:45:11","date_gmt":"2025-07-03T16:45:11","guid":{"rendered":"https:\/\/diasporascholarship.hu\/?post_type=portfolio&#038;p=15657"},"modified":"2025-07-04T08:45:39","modified_gmt":"2025-07-04T06:45:39","slug":"tobb-mint-300-resztvevo-az-elso-alumni-fesztivalon","status":"publish","type":"portfolio","link":"https:\/\/diasporascholarship.hu\/hu\/hir\/tobb-mint-300-resztvevo-az-elso-alumni-fesztivalon\/","title":{"rendered":"T\u00f6bb mint 300 r\u00e9sztvev\u0151 az els\u0151 Alumni Fesztiv\u00e1lon"},"content":{"rendered":"<p>Az esem\u00e9nyt <strong>Lengyel Mikl\u00f3s, a K\u00fclgazdas\u00e1gi \u00e9s K\u00fcl\u00fcgyminiszt\u00e9rium helyettes \u00e1llamtitk\u00e1ra<\/strong> nyitotta meg, hangs\u00falyozva, hogy ez a nap amellett, hogy az akad\u00e9miai sikerek \u00fcnnepe, jelzi azt is, hogy a Magyarorsz\u00e1gon v\u00e9gzett nemzetk\u00f6zi hallgat\u00f3k tov\u00e1bbra is szoros kapcsolatban maradnak haz\u00e1nkkal.<\/p>\n<p><img loading=\"lazy\" decoding=\"async\" class=\"aligncenter wp-image-15635\" src=\"https:\/\/diasporascholarship.hu\/wp-content\/uploads\/EB5A2997.jpg\" alt=\"\" width=\"600\" height=\"400\" srcset=\"https:\/\/diasporascholarship.hu\/wp-content\/uploads\/EB5A2997.jpg 750w, https:\/\/diasporascholarship.hu\/wp-content\/uploads\/EB5A2997-300x200.jpg 300w, https:\/\/diasporascholarship.hu\/wp-content\/uploads\/EB5A2997-391x260.jpg 391w, https:\/\/diasporascholarship.hu\/wp-content\/uploads\/EB5A2997-705x470.jpg 705w\" sizes=\"auto, (max-width: 600px) 100vw, 600px\" \/><\/p>\n<p>Besz\u00e9de ut\u00e1n <strong>Bodrogi Rich\u00e1rd, a Tempus K\u00f6zalap\u00edtv\u00e1ny f\u0151igazgat\u00f3ja<\/strong> k\u00f6sz\u00f6nt\u00f6tte a friss diplom\u00e1sokat, kiemelve a nemzetk\u00f6zi alumni-kapcsolatok fenntart\u00e1s\u00e1nak jelent\u0151s\u00e9g\u00e9t, valamint az <a href=\"https:\/\/alumninetworkhungary.hu\/\" target=\"_blank\" rel=\"noopener\">Alumni Network Hungary<\/a>, Magyarorsz\u00e1g legnagyobb nemzetk\u00f6zi alumni h\u00e1l\u00f3zat\u00e1nak szerep\u00e9t.<\/p>\n<p><img loading=\"lazy\" decoding=\"async\" class=\"aligncenter wp-image-15637\" src=\"https:\/\/diasporascholarship.hu\/wp-content\/uploads\/EB5A3025.jpg\" alt=\"\" width=\"600\" height=\"400\" srcset=\"https:\/\/diasporascholarship.hu\/wp-content\/uploads\/EB5A3025.jpg 960w, https:\/\/diasporascholarship.hu\/wp-content\/uploads\/EB5A3025-300x200.jpg 300w, https:\/\/diasporascholarship.hu\/wp-content\/uploads\/EB5A3025-768x512.jpg 768w, https:\/\/diasporascholarship.hu\/wp-content\/uploads\/EB5A3025-391x260.jpg 391w, https:\/\/diasporascholarship.hu\/wp-content\/uploads\/EB5A3025-705x470.jpg 705w\" sizes=\"auto, (max-width: 600px) 100vw, 600px\" \/><\/p>\n<p>Az esem\u00e9ny egyik leginspir\u00e1l\u00f3bb pillanata <strong>Agra Adipta<\/strong> indon\u00e9z \u00f6szt\u00f6nd\u00edjas el\u0151ad\u00e1sa volt, aki jelenleg az ExxonMobil Hungary elemz\u0151jek\u00e9nt dolgozik. Szem\u00e9lyes t\u00f6rt\u00e9net\u00e9n kereszt\u00fcl mutatta be, hogy a magyarorsz\u00e1gi egyetemi \u00e9vek milyen nagy hat\u00e1ssal voltak szakmai p\u00e1lyafut\u00e1s\u00e1ra.<\/p>\n<p><img loading=\"lazy\" decoding=\"async\" class=\"wp-image-15640 aligncenter\" src=\"https:\/\/diasporascholarship.hu\/wp-content\/uploads\/EB5A3090.jpg\" alt=\"\" width=\"600\" height=\"400\" srcset=\"https:\/\/diasporascholarship.hu\/wp-content\/uploads\/EB5A3090.jpg 900w, https:\/\/diasporascholarship.hu\/wp-content\/uploads\/EB5A3090-300x200.jpg 300w, https:\/\/diasporascholarship.hu\/wp-content\/uploads\/EB5A3090-768x512.jpg 768w, https:\/\/diasporascholarship.hu\/wp-content\/uploads\/EB5A3090-391x260.jpg 391w, https:\/\/diasporascholarship.hu\/wp-content\/uploads\/EB5A3090-705x470.jpg 705w\" sizes=\"auto, (max-width: 600px) 100vw, 600px\" \/><\/p>\n<p data-start=\"1777\" data-end=\"2133\">A nyit\u00f3besz\u00e9dek ut\u00e1n <strong>Ange Kato \u00e9s Lilya Kurogi<\/strong>, valamint <strong>Asaoka Sonoko<\/strong> a Szegedi Tudom\u00e1nyegyetem hallgat\u00f3inak zenei el\u0151ad\u00e1sa k\u00f6vetkezett. M\u0171sorukban egy angol nyelv\u0171 dal, egy jap\u00e1n klasszikus, \u00e9s egy ismert magyar n\u00e9pdal szerepelt, ezzel is t\u00fckr\u00f6zve az alumni-k\u00f6z\u00f6ss\u00e9g soksz\u00edn\u0171 kultur\u00e1lis h\u00e1tter\u00e9t.<\/p>\n<p><img loading=\"lazy\" decoding=\"async\" class=\"wp-image-15642 aligncenter\" src=\"https:\/\/diasporascholarship.hu\/wp-content\/uploads\/EB5A3181.jpg\" alt=\"\" width=\"600\" height=\"400\" srcset=\"https:\/\/diasporascholarship.hu\/wp-content\/uploads\/EB5A3181.jpg 900w, https:\/\/diasporascholarship.hu\/wp-content\/uploads\/EB5A3181-300x200.jpg 300w, https:\/\/diasporascholarship.hu\/wp-content\/uploads\/EB5A3181-768x512.jpg 768w, https:\/\/diasporascholarship.hu\/wp-content\/uploads\/EB5A3181-391x260.jpg 391w, https:\/\/diasporascholarship.hu\/wp-content\/uploads\/EB5A3181-705x470.jpg 705w\" sizes=\"auto, (max-width: 600px) 100vw, 600px\" \/><\/p>\n<p>Ezt k\u00f6vet\u0151en a k\u00fclf\u00f6ldi magyar nagyk\u00f6vetek vide\u00f3\u00fczenetei ker\u00fcltek bej\u00e1tsz\u00e1sra, melyben a frissen v\u00e9gzett hallgat\u00f3kat k\u00f6sz\u00f6nt\u00f6tt\u00e9k. A helysz\u00ednen tizenk\u00e9t nagyk\u00f6vets\u00e9g k\u00e9pviseltette mag\u00e1t, ezzel is jelezve az esem\u00e9ny nemzetk\u00f6zi jelleg\u00e9t.<\/p>\n<p data-start=\"2366\" data-end=\"2637\">A program folytat\u00e1sak\u00e9nt a sz\u00ednpadon bemutatkoztak az <strong>Alumni Network Hungary<\/strong> nemzetk\u00f6zi alumni h\u00e1l\u00f3zat r\u00e9gi \u00e9s \u00faj <strong>\u00f6nk\u00e9ntesei<\/strong>, akik a h\u00e1l\u00f3zat prom\u00f3ci\u00f3j\u00e1ban \u00e9s \u00e9p\u00edt\u00e9s\u00e9ben v\u00e1llalnak akt\u00edv szerepet.<\/p>\n<p data-start=\"2366\" data-end=\"2637\"><img loading=\"lazy\" decoding=\"async\" class=\"aligncenter wp-image-15644\" src=\"https:\/\/diasporascholarship.hu\/wp-content\/uploads\/EB5A3249.jpg\" alt=\"\" width=\"600\" height=\"400\" srcset=\"https:\/\/diasporascholarship.hu\/wp-content\/uploads\/EB5A3249.jpg 900w, https:\/\/diasporascholarship.hu\/wp-content\/uploads\/EB5A3249-300x200.jpg 300w, https:\/\/diasporascholarship.hu\/wp-content\/uploads\/EB5A3249-768x512.jpg 768w, https:\/\/diasporascholarship.hu\/wp-content\/uploads\/EB5A3249-391x260.jpg 391w, https:\/\/diasporascholarship.hu\/wp-content\/uploads\/EB5A3249-705x470.jpg 705w\" sizes=\"auto, (max-width: 600px) 100vw, 600px\" \/><\/p>\n<p>A rendezv\u00e9ny m\u00e1sodik fel\u00e9ben megrendezett <strong>Networking Expo<\/strong> \u00e9rt\u00e9kes lehet\u0151s\u00e9get k\u00edn\u00e1lt a frissen v\u00e9gzett alumnusoknak, hogy b\u0151v\u00edts\u00e9k szakmai kapcsolataikat. Az esem\u00e9ny sor\u00e1n a r\u00e9sztvev\u0151k szem\u00e9lyesen tal\u00e1lkoztak 12 nagyk\u00f6vets\u00e9g k\u00e9pvisel\u0151ivel, ezzel is er\u0151s\u00edtve a diplom\u00e1ciai kapcsolatokat \u00e9s a j\u00f6v\u0151beni nemzetk\u00f6zi egy\u00fcttm\u0171k\u00f6d\u00e9seket.<\/p>\n<p data-start=\"2995\" data-end=\"3454\">Az exp\u00f3n ki\u00e1ll\u00edtottak tov\u00e1bb\u00e1 a magyarorsz\u00e1gi egyetemek alumni irod\u00e1i, a <a href=\"https:\/\/www.magyardiplomaciaiakademia.hu\/\" target=\"_blank\" rel=\"noopener\">Magyar Diplom\u00e1ciai Akad\u00e9mia<\/a>, a <a href=\"https:\/\/dosz.hu\/\" target=\"_blank\" rel=\"noopener\">Doktoranduszok Orsz\u00e1gos Sz\u00f6vets\u00e9ge (DOSZ<\/a>), az <a href=\"https:\/\/www.instagram.com\/alumni.hukz\/\" target=\"_blank\" rel=\"noopener\">AlumniHU-KZ<\/a>, a magyarorsz\u00e1gi kazah v\u00e9gzettek alumni h\u00e1l\u00f3zata, \u00e9s a <a href=\"https:\/\/gilefoundation.org\/our-mission\/\" target=\"_blank\" rel=\"noopener\">GiLE Alap\u00edtv\u00e1ny<\/a>, amely a nemzetk\u00f6zi hallgat\u00f3k \u00e9s fiatal szakemberek szem\u00e9lyes \u00e9s szakmai fejl\u0151d\u00e9s\u00e9t t\u00e1mogat\u00f3 szervezet.<\/p>\n<p><img loading=\"lazy\" decoding=\"async\" class=\"align-center aligncenter\" src=\"https:\/\/alumninetworkhungary.hu\/sites\/default\/files\/inline-images\/EB5A3399.jpg\" width=\"506\" height=\"338\" data-entity-uuid=\"1d4a1c0a-2d13-4eec-bb19-b191c17a685e\" data-entity-type=\"file\" \/><\/p>\n<p>&nbsp;<\/p>\n<p><img loading=\"lazy\" decoding=\"async\" class=\"aligncenter wp-image-15645\" src=\"https:\/\/diasporascholarship.hu\/wp-content\/uploads\/\/EB5A2761-1030x687.jpg\" sizes=\"auto, (max-width: 501px) 100vw, 501px\" srcset=\"https:\/\/diasporascholarship.hu\/wp-content\/uploads\/\/EB5A2761-1030x687.jpg 1030w, https:\/\/diasporascholarship.hu\/wp-content\/uploads\/EB5A2761-300x200.jpg 300w, https:\/\/diasporascholarship.hu\/wp-content\/uploads\/EB5A2761-768x512.jpg 768w, https:\/\/diasporascholarship.hu\/wp-content\/uploads\/EB5A2761-391x260.jpg 391w, https:\/\/diasporascholarship.hu\/wp-content\/uploads\/EB5A2761-1536x1024.jpg 1536w, https:\/\/diasporascholarship.hu\/wp-content\/uploads\/EB5A2761-2048x1365.jpg 2048w, https:\/\/diasporascholarship.hu\/wp-content\/uploads\/EB5A2761-1500x1000.jpg 1500w, https:\/\/diasporascholarship.hu\/wp-content\/uploads\/EB5A2761-705x470.jpg 705w\" alt=\"\" width=\"501\" height=\"334\" \/><\/p>\n<p>&nbsp;<\/p>\n<p><img loading=\"lazy\" decoding=\"async\" class=\"aligncenter wp-image-15651\" src=\"https:\/\/diasporascholarship.hu\/wp-content\/uploads\/\/EB5A3414-1030x687.jpg\" sizes=\"auto, (max-width: 501px) 100vw, 501px\" srcset=\"https:\/\/diasporascholarship.hu\/wp-content\/uploads\/\/EB5A3414-1030x687.jpg 1030w, https:\/\/diasporascholarship.hu\/wp-content\/uploads\/EB5A3414-300x200.jpg 300w, https:\/\/diasporascholarship.hu\/wp-content\/uploads\/EB5A3414-768x512.jpg 768w, https:\/\/diasporascholarship.hu\/wp-content\/uploads\/EB5A3414-391x260.jpg 391w, https:\/\/diasporascholarship.hu\/wp-content\/uploads\/EB5A3414-1536x1024.jpg 1536w, https:\/\/diasporascholarship.hu\/wp-content\/uploads\/EB5A3414-2048x1365.jpg 2048w, https:\/\/diasporascholarship.hu\/wp-content\/uploads\/EB5A3414-1500x1000.jpg 1500w, https:\/\/diasporascholarship.hu\/wp-content\/uploads\/EB5A3414-705x470.jpg 705w\" alt=\"\" width=\"501\" height=\"334\" \/><\/p>\n<p>&nbsp;<\/p>\n<p><img loading=\"lazy\" decoding=\"async\" class=\"align-center aligncenter\" src=\"https:\/\/alumninetworkhungary.hu\/sites\/default\/files\/inline-images\/EB5A3439.jpg\" width=\"507\" height=\"338\" data-entity-uuid=\"79267c35-1a62-43e7-b100-9928a9afafe8\" data-entity-type=\"file\" \/><\/p>\n<p>&nbsp;<\/p>\n<p><img loading=\"lazy\" decoding=\"async\" class=\"align-center aligncenter\" src=\"https:\/\/alumninetworkhungary.hu\/sites\/default\/files\/inline-images\/EB5A3422.jpg\" width=\"502\" height=\"335\" data-entity-uuid=\"e426403d-f313-43af-892e-1342ee7aa623\" data-entity-type=\"file\" \/><\/p>\n<p>A r\u00e9sztvev\u0151k ezent\u00fal megismerhett\u00e9k a <a href=\"https:\/\/stipendiumhungaricum.hu\/practice-your-hungarian\/\" target=\"_blank\" rel=\"noopener\">Practice your Hungarian<\/a> nyelvi programot is, amely a k\u00fclf\u00f6ldi di\u00e1kokat \u00e9s alumnusokat seg\u00edti magyar nyelvtud\u00e1suk fejleszt\u00e9s\u00e9ben.<\/p>\n<p><img loading=\"lazy\" decoding=\"async\" class=\"align-center aligncenter\" src=\"https:\/\/alumninetworkhungary.hu\/sites\/default\/files\/inline-images\/EB5A3524.jpg\" width=\"500\" height=\"333\" data-entity-uuid=\"5f529cff-301f-43fa-ab35-532037806b36\" data-entity-type=\"file\" \/><\/p>\n<p>Az esem\u00e9ny \u00fcnnep\u00e9lyes vacsor\u00e1val z\u00e1rult, amely tov\u00e1bbi lehet\u0151s\u00e9get ny\u00fajtott az ismerked\u00e9sre \u00e9s a k\u00f6tetlen besz\u00e9lget\u00e9sre.<\/p>\n<p>Ha te is szeretn\u00e9l a Magyarorsz\u00e1gon tanul\u00f3 nemzetk\u00f6zi di\u00e1kok alumni k\u00f6z\u00f6ss\u00e9g\u00e9nek tagja lenni, csatlakozz az Alumni Network Hungary h\u00e1l\u00f3zathoz <strong><a href=\"https:\/\/alumninetworkhungary.hu\/user\/register\" target=\"_blank\" rel=\"noopener\">ITT<\/a>! <\/strong><\/p>\n<p><img loading=\"lazy\" decoding=\"async\" class=\"align-center aligncenter\" src=\"https:\/\/alumninetworkhungary.hu\/sites\/default\/files\/inline-images\/EB5A3634.jpg\" width=\"534\" height=\"356\" data-entity-uuid=\"a798aac2-44ba-4216-8173-b5fb5251b377\" data-entity-type=\"file\" \/><\/p>\n<p><img loading=\"lazy\" decoding=\"async\" class=\"aligncenter wp-image-15653\" src=\"https:\/\/diasporascholarship.hu\/wp-content\/uploads\/\/EB5A3596-1030x687.jpg\" sizes=\"auto, (max-width: 525px) 100vw, 525px\" srcset=\"https:\/\/diasporascholarship.hu\/wp-content\/uploads\/\/EB5A3596-1030x687.jpg 1030w, https:\/\/diasporascholarship.hu\/wp-content\/uploads\/EB5A3596-300x200.jpg 300w, https:\/\/diasporascholarship.hu\/wp-content\/uploads\/EB5A3596-768x512.jpg 768w, https:\/\/diasporascholarship.hu\/wp-content\/uploads\/EB5A3596-391x260.jpg 391w, https:\/\/diasporascholarship.hu\/wp-content\/uploads\/EB5A3596-1536x1024.jpg 1536w, https:\/\/diasporascholarship.hu\/wp-content\/uploads\/EB5A3596-2048x1365.jpg 2048w, https:\/\/diasporascholarship.hu\/wp-content\/uploads\/EB5A3596-1500x1000.jpg 1500w, https:\/\/diasporascholarship.hu\/wp-content\/uploads\/EB5A3596-705x470.jpg 705w\" alt=\"\" width=\"525\" height=\"351\" \/><\/p>\n<p><img loading=\"lazy\" decoding=\"async\" class=\"align-center aligncenter\" src=\"https:\/\/alumninetworkhungary.hu\/sites\/default\/files\/inline-images\/EB5A3498.jpg\" width=\"522\" height=\"348\" data-entity-uuid=\"c70c31d5-f916-4078-b724-63cda845b807\" data-entity-type=\"file\" \/><\/p>\n<p>&nbsp;<\/p>\n<p><img loading=\"lazy\" decoding=\"async\" class=\"align-center aligncenter\" src=\"https:\/\/alumninetworkhungary.hu\/sites\/default\/files\/inline-images\/EB5A3270.jpg\" width=\"516\" height=\"344\" data-entity-uuid=\"7b674336-9f83-458f-8e2c-2c15f2f5e9f0\" data-entity-type=\"file\" \/><\/p>\n","protected":false},"excerpt":{"rendered":"<p>2025. j\u00fanius 18-\u00e1n a Eur\u00f3pa Haj\u00f3 adott otthont az els\u0151 Stipendium Hungaricum and Hungarian Diaspora Scholarship Alumni Fest esem\u00e9nynek, amelyen k\u00f6zel 300 vend\u00e9g vett r\u00e9szt a szakmai kapcsolat\u00e9p\u00edt\u00e9s jegy\u00e9ben. Az esem\u00e9nyen &#8211; melynek mott\u00f3ja \u201eWe Connect, We Belong&#8221; volt &#8211; r\u00e9szt vettek a Diaszp\u00f3ra Fels\u0151oktat\u00e1si \u00d6szt\u00f6nd\u00edjprogram v\u00e9gz\u0151s \u00f6szt\u00f6nd\u00edjasai is, hangs\u00falyozva a diaszp\u00f3ra hallgat\u00f3k fontos szerep\u00e9t a nemzetk\u00f6zi alumni k\u00f6z\u00f6ss\u00e9g n\u00f6veked\u00e9s\u00e9ben.<\/p>\n","protected":false},"featured_media":15632,"comment_status":"closed","ping_status":"closed","template":"","tags":[],"portfolio_entries":[39],"class_list":["post-15657","portfolio","type-portfolio","status-publish","has-post-thumbnail","hentry","portfolio_entries-aktualis"],"_links":{"self":[{"href":"https:\/\/diasporascholarship.hu\/hu\/wp-json\/wp\/v2\/portfolio\/15657","targetHints":{"allow":["GET"]}}],"collection":[{"href":"https:\/\/diasporascholarship.hu\/hu\/wp-json\/wp\/v2\/portfolio"}],"about":[{"href":"https:\/\/diasporascholarship.hu\/hu\/wp-json\/wp\/v2\/types\/portfolio"}],"replies":[{"embeddable":true,"href":"https:\/\/diasporascholarship.hu\/hu\/wp-json\/wp\/v2\/comments?post=15657"}],"version-history":[{"count":8,"href":"https:\/\/diasporascholarship.hu\/hu\/wp-json\/wp\/v2\/portfolio\/15657\/revisions"}],"predecessor-version":[{"id":15667,"href":"https:\/\/diasporascholarship.hu\/hu\/wp-json\/wp\/v2\/portfolio\/15657\/revisions\/15667"}],"wp:featuredmedia":[{"embeddable":true,"href":"https:\/\/diasporascholarship.hu\/hu\/wp-json\/wp\/v2\/media\/15632"}],"wp:attachment":[{"href":"https:\/\/diasporascholarship.hu\/hu\/wp-json\/wp\/v2\/media?parent=15657"}],"wp:term":[{"taxonomy":"post_tag","embeddable":true,"href":"https:\/\/diasporascholarship.hu\/hu\/wp-json\/wp\/v2\/tags?post=15657"},{"taxonomy":"portfolio_entries","embeddable":true,"href":"https:\/\/diasporascholarship.hu\/hu\/wp-json\/wp\/v2\/portfolio_entries?post=15657"}],"curies":[{"name":"wp","href":"https:\/\/api.w.org\/{rel}","templated":true}]}}