{"id":11500,"date":"2023-07-19T14:59:27","date_gmt":"2023-07-19T12:59:27","guid":{"rendered":"https:\/\/diasporascholarship.hu\/?post_type=portfolio&#038;p=11500"},"modified":"2023-07-19T14:59:27","modified_gmt":"2023-07-19T12:59:27","slug":"az-5-legjobb-balatonkoruli-program","status":"publish","type":"portfolio","link":"https:\/\/diasporascholarship.hu\/hu\/hir\/az-5-legjobb-balatonkoruli-program\/","title":{"rendered":"Az 5 legjobb balatonk\u00f6r\u00fcli program"},"content":{"rendered":"<p>A Balaton egyike Magyarorsz\u00e1g Dun\u00e1nt\u00falon elhelyezked\u0151 \u00e9desv\u00edzi tavainak. Amellett, hogy a r\u00e9gi\u00f3 egyik legn\u00e9pszer\u0171bb turisztikai c\u00e9lpontja, egyben K\u00f6z\u00e9p-Eur\u00f3pa legnagyobb tava is. Legnagyobb v\u00edzhozam\u00e1t a Zala foly\u00f3 adja, a Si\u00f3 csatorna pedig az egyetlen kifoly\u00f3ja. Az \u00e9szaki part hegyvid\u00e9ki r\u00e9gi\u00f3ja t\u00f6rt\u00e9nelmi jelleg\u00e9r\u0151l \u00e9s jelent\u0151s borvid\u00e9keir\u0151l, m\u00edg a s\u00edk d\u00e9li part az \u00fcd\u00fcl\u0151v\u00e1rosair\u00f3l ismert.<\/p>\n<p>A turisztikai f\u0151szezon j\u00faniust\u00f3l augusztus v\u00e9g\u00e9ig tart, mivel a v\u00edz \u00e1tlagos h\u0151m\u00e9rs\u00e9klete ny\u00e1ron 25 \u00b0C \u00e9s a strandok t\u00f6bbsge f\u00fcves vagy homokos ami miatt a t\u00f3ban val\u00f3 f\u00fcrd\u00e9s \u00e9s \u00fasz\u00e1s igen k\u00f6zkedvelt. . B\u00e1r a t\u00f3 f\u0151szezonja a ny\u00e1r, a Balaton t\u00e9len is n\u00e9pszer\u0171, a l\u00e1togat\u00f3k gyakran j\u00e1rnak j\u00e9ghorg\u00e1szni, s\u0151t, ha befagy a t\u00f3, korcsoly\u00e1zni, sz\u00e1nk\u00f3zni vagy j\u00e9gvitorl\u00e1zni is lehet rajta.<\/p>\n<p><img loading=\"lazy\" decoding=\"async\" class=\"wp-image-11492 aligncenter\" src=\"https:\/\/diasporascholarship.hu\/wp-content\/uploads\/\/balaton_2-300x197.jpg\" alt=\"\" width=\"680\" height=\"446\" srcset=\"https:\/\/diasporascholarship.hu\/wp-content\/uploads\/balaton_2-300x197.jpg 300w, https:\/\/diasporascholarship.hu\/wp-content\/uploads\/balaton_2-1030x676.jpg 1030w, https:\/\/diasporascholarship.hu\/wp-content\/uploads\/balaton_2-768x504.jpg 768w, https:\/\/diasporascholarship.hu\/wp-content\/uploads\/balaton_2-705x463.jpg 705w, https:\/\/diasporascholarship.hu\/wp-content\/uploads\/balaton_2.jpg 1153w\" sizes=\"auto, (max-width: 680px) 100vw, 680px\" \/><\/p>\n<p>Szerencs\u00e9re a Balatonra k\u00e9t \u00f3ra \u00a0alatt le lehet jutni t\u00f6megk\u00f6zleked\u00e9ssel. A budapesti D\u00e9li p\u00e1lyaudvarr\u00f3l naponta k\u00f6zlekednek k\u00f6zvetlen vonatok Balatonf\u00fcredre (az \u00e9szaki oldali csom\u00f3pont) \u00e9s Si\u00f3fokra (a d\u00e9li oldali csom\u00f3pont), onnan folyamatos vonatokkal az \u00e1tsz\u00e1ll\u00e1s. Mutatunk 5 programlehet\u0151s\u00e9get at a Balaton k\u00f6r\u00fcl.<\/p>\n<ol>\n<li><strong> Kir\u00e1ndul\u00e1s a Balaton-felvid\u00e9ken<\/strong><\/li>\n<\/ol>\n<p>A balatoni programok nem csak az \u00fasz\u00e1st, napoz\u00e1st \u00e9s l\u00e1ngosoz\u00e1st jelentik. Vannak itt nagyszer\u0171 kir\u00e1ndul\u00f3helyek is, mint p\u00e9ld\u00e1ul a Balaton-felvid\u00e9k. Ez a ter\u00fclet a t\u00f3 \u00e9szaki partj\u00e1n, egy \u00f6bl\u00f6kkel \u00e9s hegyekkel tark\u00edtott r\u00e9szen tal\u00e1lhat\u00f3. Az egyik kihagyhatatlan l\u00e1tnival\u00f3 a Bujdos\u00f3k l\u00e9pcs\u0151je, amely Badacsonyt\u00f6rdemicr\u0151l \u00e9rhet\u0151 el. Fontos megeml\u00edteni, hogy a kil\u00e1t\u00f3ra 464 bazaltl\u00e9pcs\u0151n kell felk\u00fczdeni magunkat, de a kil\u00e1t\u00e1s, ami a tetej\u00e9n v\u00e1r r\u00e1nk, minden\u00e9rt k\u00e1rp\u00f3tol.<\/p>\n<p>A mediterr\u00e1n \u00e9ghajlat kedvel\u0151inek kedvez a Folly Arbor\u00e9tum: a f\u0151k\u00e9nt feny\u0151kb\u0151l \u00e1ll\u00f3 arbor\u00e9tum Badacsony\u00f6rs\u00f6n, a Kis\u00f6rsi-hegy d\u00e9li oldal\u00e1n tal\u00e1lhat\u00f3. A nemzetk\u00f6zi jegyz\u00e9kben szerepl\u0151 gy\u0171jtem\u00e9nyben ciprusok \u00e9s c\u00e9drusok is tal\u00e1lhat\u00f3ak. A Balaton-felvid\u00e9ken m\u00e9g v\u00e1ltozatost\u00e1j \u00e9s \u00a0sok l\u00e1tnival\u00f3 v\u00e1r felfedez\u00e9sre, ez\u00e9rt \u00e9rdemes t\u00f6bb napot sz\u00e1nni r\u00e1.<\/p>\n<ol start=\"2\">\n<li><strong> Bort\u00fara a Badacsonyi borvid\u00e9ken<\/strong><\/li>\n<\/ol>\n<p>A Badacsony egy vulkanikus hegys\u00e9g \u00e9s egyben borvid\u00e9k, ahol kiv\u00e1l\u00f3 magyar borokat k\u00f3stolhatsz. A j\u00f3 borok, finom \u00e9telek \u00e9s a remek hangulat harmonikus egy\u00fctt\u00e1ll\u00e1sa egy nagyszer\u0171 programot eredm\u00e9nyezhet.<\/p>\n<p><img loading=\"lazy\" decoding=\"async\" class=\"aligncenter wp-image-11490\" src=\"https:\/\/diasporascholarship.hu\/wp-content\/uploads\/\/balaton_1-300x200.jpeg\" alt=\"\" width=\"680\" height=\"453\" srcset=\"https:\/\/diasporascholarship.hu\/wp-content\/uploads\/balaton_1-300x200.jpeg 300w, https:\/\/diasporascholarship.hu\/wp-content\/uploads\/balaton_1-1030x687.jpeg 1030w, https:\/\/diasporascholarship.hu\/wp-content\/uploads\/balaton_1-768x512.jpeg 768w, https:\/\/diasporascholarship.hu\/wp-content\/uploads\/balaton_1-391x260.jpeg 391w, https:\/\/diasporascholarship.hu\/wp-content\/uploads\/balaton_1-705x470.jpeg 705w, https:\/\/diasporascholarship.hu\/wp-content\/uploads\/balaton_1.jpeg 1092w\" sizes=\"auto, (max-width: 680px) 100vw, 680px\" \/><\/p>\n<p>A Balaton k\u00f6r\u00fcli gy\u00f6ny\u00f6r\u0171 vulkanikus hegyek bor\u00edtj\u00e1k a term\u00e9keny \u00e1sv\u00e1nyi talajt, amely a legjobb alapot ny\u00fajtja a sz\u0151l\u0151termeszt\u00e9shez. Tele sz\u0151l\u0151\u00fcltetv\u00e9nyekkel \u00e9s kanyarg\u00f3 patakokkal, levendulamez\u0151kkel \u00e9s m\u00e9szk\u0151vel, a t\u00e1j egyszer\u0171en idilli. A Badacsony az egyik leggazdagabb borvid\u00e9k, amely bemutatja a Magyar sz\u0151l\u00e9szet jellegzetess\u00e9geit \u00e9s m\u00e1r a r\u00f3mai kor \u00f3ta n\u00e9pszer\u0171.<\/p>\n<ol start=\"3\">\n<li><strong> Fedezd fel Tihanyt!<\/strong><\/li>\n<\/ol>\n<p>Az \u00e9szaki parton tal\u00e1lhat\u00f3 a r\u00e9gi\u00f3 legr\u00e9gebbi k\u00f6z\u00e9pkori v\u00e1rosa. Tihany b\u00fcszk\u00e9n ter\u00fcl el annak a f\u00e9lszigetnek a tetej\u00e9n, amely a t\u00fcrkizk\u00e9k t\u00f3v\u00f6lgy teljes panor\u00e1m\u00e1j\u00e1nak k\u00f6z\u00e9ppontj\u00e1ban \u00e1ll. A v\u00e1rost a barokk ap\u00e1ts\u00e1g teszi magasztoss\u00e1: \u00a0a t\u00e9glatornyok, kir\u00e1lyi kript\u00e1k \u00e9s macskak\u0151be \u00f6lt\u00f6ztetett domboldali utc\u00e1k egyszerre teremtenek romantikus \u00e9s t\u00f6rt\u00e9nelmi hangulatot. Az ap\u00e1ts\u00e1gi l\u00e1togat\u00e1st k\u00f6vet\u0151en \u00e9rdemes kipr\u00f3b\u00e1lni a h\u00edres tihanyi visszhangot, megk\u00f3stolni egy levendula fagylaltot \u00e9s gy\u00f6ny\u00f6rk\u00f6dni a l\u00e9legzetel\u00e1ll\u00edt\u00f3 panor\u00e1m\u00e1ban. A f\u00e9lsziget felfedez\u00e9s\u00e9hez b\u00e9relhet\u0151 ker\u00e9kp\u00e1r, emellett pedig k\u00f6zkedvelt program a levendula szed\u00e9s, a vonatoz\u00e1s vagy a s\u00e9tahaj\u00f3z\u00e1s.<\/p>\n<ol start=\"4\">\n<li><strong> F\u00fcrd\u0151z\u00e9s a legjobb strandokon<\/strong><\/li>\n<\/ol>\n<p>A t\u00f3 k\u00f6r\u00fcli nagyobb \u00fcd\u00fcl\u0151helyek k\u00f6zt Si\u00f3fok, Zam\u00e1rdi, Keszthely \u00e9s Balatonf\u00fcredv\u00e1ros\u00e1t eml\u00edthet\u0151. Si\u00f3fokon 2000 n\u00e9gyzetm\u00e9teres strandter\u00fclet, p\u00e1lmaf\u00e1s napoz\u00f3ter\u00fclet \u00e9s k\u00e9nyelmes napoz\u00f3\u00e1gyak v\u00e1rj\u00e1k a vend\u00e9geket. A zam\u00e1rdi szabadstrand 3 km hossz\u00fa, \u00e9s nem csak a fesztiv\u00e1lok idej\u00e9n n\u00e9pszer\u0171. R\u00e1ad\u00e1sul itt f\u00fcrd\u0151z\u00e9s k\u00f6zben a Tihanyi-f\u00e9lsziget is l\u00e1that\u00f3. Keszthelyen tal\u00e1lhat\u00f3 a Festetics-kast\u00e9ly, Balatonf\u00fcred pedig egy t\u00f6rt\u00e9nelmi f\u00fcrd\u0151v\u00e1ros, ahol minden \u00e9vben megrendezik az Anna-b\u00e1lt augusztusban<\/p>\n<p><img loading=\"lazy\" decoding=\"async\" class=\"aligncenter wp-image-11494\" src=\"https:\/\/diasporascholarship.hu\/wp-content\/uploads\/\/balaton_3-300x200.jpg\" alt=\"\" width=\"680\" height=\"454\" srcset=\"https:\/\/diasporascholarship.hu\/wp-content\/uploads\/balaton_3-300x200.jpg 300w, https:\/\/diasporascholarship.hu\/wp-content\/uploads\/balaton_3-1030x687.jpg 1030w, https:\/\/diasporascholarship.hu\/wp-content\/uploads\/balaton_3-768x512.jpg 768w, https:\/\/diasporascholarship.hu\/wp-content\/uploads\/balaton_3-391x260.jpg 391w, https:\/\/diasporascholarship.hu\/wp-content\/uploads\/balaton_3-705x470.jpg 705w, https:\/\/diasporascholarship.hu\/wp-content\/uploads\/balaton_3.jpg 1336w\" sizes=\"auto, (max-width: 680px) 100vw, 680px\" \/><\/p>\n<p>Emellett, ha szeretsz \u00faszni, akkor aj\u00e1nljuk figyelmedbe a Balaton-\u00e1t\u00fasz\u00e1s rendezv\u00e9ny\u00e9t, ami egy 5,2 km-es szakasz teljes\u00edt\u00e9s\u00e9t jelenti R\u00e9vf\u00fcl\u00f6p \u00e9s Balatonbogl\u00e1r k\u00f6z\u00f6tt.<\/p>\n<ol start=\"5\">\n<li><strong> Balatoni s\u00e9tahaj\u00f3z\u00e1s<\/strong><\/li>\n<\/ol>\n<p>A Balaton legkedveltebb programjai k\u00f6z\u00e9 tartozik \u2013 a f\u00fcrd\u0151z\u00e9s mellett \u2013 a s\u00e9tahaj\u00f3z\u00e1s, amelynek t\u00f6bb t\u00edpus\u00e1b\u00f3l v\u00e1laszthatsz. Ha te is szereted a sebess\u00e9get, \u00e9rdemes lehet a Si\u00f3fok-Balatonf\u00fcred vagy a Fony\u00f3d-Badacsony k\u00f6z\u00f6tt k\u00f6zleked\u0151 gyorshaj\u00f3kat kipr\u00f3b\u00e1lnod. Egy biztos: a Balaton k\u00f6zep\u00e9n haladni felejthetetlen \u00e9lm\u00e9ny lesz.<\/p>\n<p>Ha ink\u00e1bb a naplement\u00e9s haj\u00f3k\u00e1z\u00e1st kedveled, t\u00f6bb s\u00e9tahaj\u00f3s \u00fatvonal k\u00f6z\u00fcl v\u00e1laszthatsz: ak\u00e1r az egy- vagy k\u00e9t\u00f3r\u00e1s v\u00e1ltozatot, ak\u00e1r a romantikus badacsonyi utat, ak\u00e1r az \u00e9jszakai csillagt\u00far\u00e1t v\u00e1lasztod, \u00e9letre sz\u00f3l\u00f3 \u00e9lm\u00e9ny v\u00e1r r\u00e1d.<\/p>\n<p>Rem\u00e9lj\u00fck, siker\u00fclt inspir\u00e1l\u00f3dnod \u00e9s \u00f6tleteket kapnod, hogyan fedezd fel a Balatont ny\u00e1ron.<\/p>\n<p>Forr\u00e1sok:<\/p>\n<p>Info Budapest <a href=\"https:\/\/info-budapest.com\/things-to-do-lake-balaton\/\" target=\"_blank\" rel=\"noopener\">https:\/\/info-budapest.com\/things-to-do-lake-balaton\/<\/a><\/p>\n<p>Culture tips: <a href=\"https:\/\/theculturetrip.com\/europe\/hungary\/articles\/the-top-10-things-to-do-and-see-on-lake-balaton\/\" target=\"_blank\" rel=\"noopener\">https:\/\/theculturetrip.com\/europe\/hungary\/articles\/the-top-10-things-to-do-and-see-on-lake-balaton\/<\/a><\/p>\n<p>Lake Balaton :<a href=\"https:\/\/info-budapest.com\/lake-balaton\/\" target=\"_blank\" rel=\"noopener\">https:\/\/info-budapest.com\/lake-balaton\/<\/a><\/p>\n<p>A Guide to Lake Balaton: https:\/\/ultimatebudapest.com\/city-guide\/tips-and-recommendations\/a-guide-to-lake-balaton<\/p>\n","protected":false},"excerpt":{"rendered":"<p>Minden \u00e9vben t\u00f6bb ezer ember l\u00e1togat el K\u00f6z\u00e9p-Eur\u00f3pa legnagyobb \u00e9desv\u00edzi tav\u00e1hoz. V\u00e1ltozatos t\u00e1j\u00e1nak \u00e9s pezsg\u0151 kultur\u00e1lis \u00e9let\u00e9nek k\u00f6sz\u00f6nhet\u0151en a Balaton az \u00e9v minden szak\u00e1ban izgalmas c\u00e9lpontnak \u00edg\u00e9rkezik. Ha te is szeretn\u00e9d megismerni a magyar tengert \u00e9s k\u00f6rny\u00e9k\u00e9t, \u00e9rdemes a Balaton k\u00f6r\u00fcli telep\u00fcl\u00e9sek valamelyik\u00e9n megsz\u00e1llni \u00e9s felfedezni a l\u00e1tnival\u00f3kat.<\/p>\n","protected":false},"featured_media":17109,"comment_status":"closed","ping_status":"closed","template":"","tags":[],"portfolio_entries":[39],"class_list":["post-11500","portfolio","type-portfolio","status-publish","has-post-thumbnail","hentry","portfolio_entries-aktualis"],"_links":{"self":[{"href":"https:\/\/diasporascholarship.hu\/hu\/wp-json\/wp\/v2\/portfolio\/11500","targetHints":{"allow":["GET"]}}],"collection":[{"href":"https:\/\/diasporascholarship.hu\/hu\/wp-json\/wp\/v2\/portfolio"}],"about":[{"href":"https:\/\/diasporascholarship.hu\/hu\/wp-json\/wp\/v2\/types\/portfolio"}],"replies":[{"embeddable":true,"href":"https:\/\/diasporascholarship.hu\/hu\/wp-json\/wp\/v2\/comments?post=11500"}],"version-history":[{"count":4,"href":"https:\/\/diasporascholarship.hu\/hu\/wp-json\/wp\/v2\/portfolio\/11500\/revisions"}],"predecessor-version":[{"id":11507,"href":"https:\/\/diasporascholarship.hu\/hu\/wp-json\/wp\/v2\/portfolio\/11500\/revisions\/11507"}],"wp:featuredmedia":[{"embeddable":true,"href":"https:\/\/diasporascholarship.hu\/hu\/wp-json\/wp\/v2\/media\/17109"}],"wp:attachment":[{"href":"https:\/\/diasporascholarship.hu\/hu\/wp-json\/wp\/v2\/media?parent=11500"}],"wp:term":[{"taxonomy":"post_tag","embeddable":true,"href":"https:\/\/diasporascholarship.hu\/hu\/wp-json\/wp\/v2\/tags?post=11500"},{"taxonomy":"portfolio_entries","embeddable":true,"href":"https:\/\/diasporascholarship.hu\/hu\/wp-json\/wp\/v2\/portfolio_entries?post=11500"}],"curies":[{"name":"wp","href":"https:\/\/api.w.org\/{rel}","templated":true}]}}