{"id":10728,"date":"2023-03-17T13:41:25","date_gmt":"2023-03-17T12:41:25","guid":{"rendered":"https:\/\/diasporascholarship.hu\/?post_type=portfolio&#038;p=10728"},"modified":"2023-03-17T13:42:56","modified_gmt":"2023-03-17T12:42:56","slug":"200-eve-szuletett-petofi-sandor-a-forradalmi-kolto","status":"publish","type":"portfolio","link":"https:\/\/diasporascholarship.hu\/hu\/hir\/200-eve-szuletett-petofi-sandor-a-forradalmi-kolto\/","title":{"rendered":"200 \u00e9ve sz\u00fcletett Pet\u0151fi S\u00e1ndor, a forradalmi k\u00f6lt\u0151"},"content":{"rendered":"<p>Magyarorsz\u00e1gon I. Ferenc \u00e9s V. Ferdin\u00e1nd kir\u00e1ly uralkod\u00e1sa idej\u00e9n az udvar abszolutisztikus t\u00f6rekv\u00e9sei komoly ellen\u00e1ll\u00e1st v\u00e1ltottak ki. Az 1848\u201349-es szabads\u00e1gharcot k\u00e9t \u00e9vtized politikai \u00e9p\u00edtkez\u00e9s el\u0151zte meg, ahol \u00e9rdemi v\u00e1ltoz\u00e1st ugyan nem siker\u00fclt el\u00e9rni, arra viszont j\u00f3 lehet\u0151s\u00e9g volt, hogy a forradalom k\u00e9s\u0151bbi vez\u00e9ralakjai (<a href=\"https:\/\/hu.wikipedia.org\/wiki\/Batthy%C3%A1ny_Lajos_(minisztereln%C3%B6k)\" target=\"_blank\" rel=\"noopener\">Batthy\u00e1ny Lajos<\/a>,\u00a0<a href=\"https:\/\/hu.wikipedia.org\/wiki\/Kossuth_Lajos\" target=\"_blank\" rel=\"noopener\">Kossuth Lajos<\/a>,\u00a0<a href=\"https:\/\/hu.wikipedia.org\/wiki\/De%C3%A1k_Ferenc_(igazs%C3%A1g%C3%BCgy-miniszter)\" target=\"_blank\" rel=\"noopener\">De\u00e1k Ferenc<\/a>,\u00a0<a href=\"https:\/\/hu.wikipedia.org\/wiki\/Sz%C3%A9chenyi_Istv%C3%A1n\" target=\"_blank\" rel=\"noopener\">Sz\u00e9chenyi Istv\u00e1n<\/a>,\u00a0<a href=\"https:\/\/hu.wikipedia.org\/wiki\/Szemere_Bertalan\" target=\"_blank\" rel=\"noopener\">Szemere Bertalan<\/a>,\u00a0<a href=\"https:\/\/hu.wikipedia.org\/wiki\/E%C3%B6tv%C3%B6s_J%C3%B3zsef_(%C3%ADr%C3%B3)\" target=\"_blank\" rel=\"noopener\">E\u00f6tv\u00f6s J\u00f3zsef<\/a>\u00a0\u00e9s m\u00e1sok) kidolgozhass\u00e1k politikai terv\u00fcket.<\/p>\n<p>A rendi orsz\u00e1ggy\u0171l\u00e9sek kereteib\u0151l azt\u00e1n a p\u00e1rizsi \u00e9s a b\u00e9csi forradalmak h\u00edre, \u00e9s Kossuth Lajos besz\u00e9de lend\u00edtette ki a M\u00e1rciusi Ifjakat. Kossuth besz\u00e9d\u00e9ben az ellenz\u00e9k k\u00f6vetel\u00e9seit \u00f6sszegezte: f\u00fcggetlen magyar bank fel\u00e1ll\u00edt\u00e1s\u00e1t, a honv\u00e9delmi rendszer \u00e1talak\u00edt\u00e1s\u00e1t,\u00a0<a href=\"https:\/\/hu.wikipedia.org\/wiki\/Jobb%C3%A1gyfelszabad%C3%ADt%C3%A1s\" target=\"_blank\" rel=\"noopener\">jobb\u00e1gyfelszabad\u00edt\u00e1st<\/a>,\u00a0<a href=\"https:\/\/hu.wikipedia.org\/wiki\/K%C3%B6ztehervisel%C3%A9s\" target=\"_blank\" rel=\"noopener\">k\u00f6ztehervisel\u00e9st<\/a>,\u00a0<a href=\"https:\/\/hu.wikipedia.org\/wiki\/Parlament\" target=\"_blank\" rel=\"noopener\">n\u00e9pk\u00e9pviseleti parlamentet<\/a>\u00a0\u00e9s magyar f\u00fcggetlen felel\u0151s nemzeti korm\u00e1nyt.<\/p>\n<p>A b\u00e9csi forradalom kit\u00f6r\u00e9se ut\u00e1n felgyorsultak az esem\u00e9nyek. A pesti Ellenz\u00e9ki K\u00f6r megfogalmazta a 12 pontot, a M\u00e1rciusi Ifjak m\u00e1rcius 15-\u00e9n egyetemekre, a Nemzeti Sz\u00ednh\u00e1z el\u00e9, majd a Landerer \u00e9s Heckenast nyomd\u00e1ba mentek, hogy min\u00e9l t\u00f6bb emberhez eljuttass\u00e1k k\u00f6vetel\u00e9seiket. A forradalom nagy lend\u00fcletet vett, \u00e1prilisban lezajlottak az els\u0151 n\u00e9pk\u00e9pviseleti orsz\u00e1ggy\u0171l\u00e9si v\u00e1laszt\u00e1sok, \u00e9s megalakulhatott a Batthy\u00e1ny-korm\u00e1ny. P\u00e1r h\u00f3nap eltelt\u00e9vel azonban az osztr\u00e1k udvar vissza k\u00edv\u00e1nta \u00e1ll\u00edtani teljhatalm\u00e1t, amit 1849-re, az orosz c\u00e1r seg\u00edts\u00e9g\u00e9vel \u00e9rt el.<\/p>\n<p>1867-ben a kiegyez\u00e9s keret\u00e9ben int\u00e9zm\u00e9nyes\u00edtett\u00e9k a k\u00e9t birodalomf\u00e9l perszon\u00e1luni\u00f3n\u00e1l szorosabb kapcsolat\u00e1t: megsz\u00fcletett az Osztr\u00e1k\u2013Magyar Monarchia.<\/p>\n<p>A 12 pont mellett egy ikonikus vers is meghat\u00e1rozta akkor a forradalmi k\u00f6zhangulatot. Pet\u0151fi S\u00e1ndor a felkel\u00e9s egyik k\u00f6zponti alakjak\u00e9nt \u00edrta meg a \u201eTalpra Magyar\u201d c\u00edm\u0171 vers\u00e9t, amely az esem\u00e9nyek himnusz\u00e1v\u00e1 v\u00e1lt. A legenda szerint a verset a Magyar Nemzeti M\u00fazeum l\u00e9pcs\u0151j\u00e9n olvasta fel hangosan az \u00f6sszegy\u0171lt t\u00f6megnek, akik a v\u00e9g\u00e9n m\u00e1r a refr\u00e9nt egy\u00fctt harsogt\u00e1k a k\u00f6lt\u0151vel.<\/p>\n<p><img loading=\"lazy\" decoding=\"async\" class=\"aligncenter wp-image-10722\" src=\"https:\/\/diasporascholarship.hu\/wp-content\/uploads\/\/800px-Orlai-petofi1-217x300.jpg\" alt=\"\" width=\"600\" height=\"830\" srcset=\"https:\/\/diasporascholarship.hu\/wp-content\/uploads\/800px-Orlai-petofi1-217x300.jpg 217w, https:\/\/diasporascholarship.hu\/wp-content\/uploads\/800px-Orlai-petofi1-745x1030.jpg 745w, https:\/\/diasporascholarship.hu\/wp-content\/uploads\/800px-Orlai-petofi1-768x1062.jpg 768w, https:\/\/diasporascholarship.hu\/wp-content\/uploads\/800px-Orlai-petofi1-510x705.jpg 510w, https:\/\/diasporascholarship.hu\/wp-content\/uploads\/800px-Orlai-petofi1.jpg 800w\" sizes=\"auto, (max-width: 600px) 100vw, 600px\" \/><\/p>\n<p style=\"text-align: center;\"><a href=\"https:\/\/en.wikipedia.org\/wiki\/en:Soma_Orlai_Petrich\" target=\"_blank\" rel=\"noopener\">Soma Orlai Petrich<\/a>\u00a0\u2013\u00a0Historical Exhibition of the Hungarian National Museum Guide, 18th and 19th centuries,\u00a0<a href=\"https:\/\/commons.wikimedia.org\/wiki\/Special:BookSources\/963-208-743-7\" target=\"_blank\" rel=\"noopener\">ISBN\u00a0963-208-743-7<\/a>, p. 49. (<a href=\"http:\/\/muzeum.arcanum.hu\/kiadvanyok\" target=\"_blank\" rel=\"noopener\">Magyar Digit\u00e1lis M\u00fazeumi K\u00f6nyvt\u00e1r<\/a><\/p>\n<p>Pet\u0151fi k\u00f6lt\u00e9szet\u00e9re nagy hat\u00e1ssal volt a n\u00e9pk\u00f6lt\u00e9szet. N\u00e1la jelenik meg el\u0151sz\u00f6r a csal\u00e1di l\u00edra, t\u00e1jk\u00f6lt\u00e9szet\u00e9ben pedig a Puszta, a magyar Alf\u00f6ld. K\u00f6z\u00e9rthet\u0151en, egyszer\u0171en sz\u00f3l mindenkihez, a n\u00e9p nyelv\u00e9t beemeli az irodalomba.<\/p>\n<p>Egyik legh\u00edresebb m\u0171ve az 1845-ben \u00edrt J\u00e1nos vit\u00e9z c\u00edm\u0171, huszonh\u00e9t fejezetb\u0151l \u00e1ll\u00f3 verse, amely Kukorica Jancsi \u00e9s Iluska ir\u00e1nti szerelm\u00e9nek t\u00f6rt\u00e9net\u00e9t mes\u00e9li el.<\/p>\n<p>Pet\u0151fi gyakran v\u00e1lasztotta versei t\u00e9m\u00e1j\u00e1ul a szerelmet \u00e9s a forradalmat. Ez ut\u00f3bbi lett az alapja az \u0151t k\u00f6r\u00fclvev\u0151 legend\u00e1nak. Ahogyan \u0151 maga \u00edrta j\u00f3l ismert \u201eSzabads\u00e1g, szerelem!\u201d c\u00edm\u0171 vers\u00e9ben:<\/p>\n<p>&nbsp;<\/p>\n<p>Szabads\u00e1g, szerelem!<\/p>\n<p>E kett\u0151 kell nekem.<\/p>\n<p>Szerelmem\u00e9rt f\u00f6l\u00e1ldozom<\/p>\n<p>Az \u00e9letet,<\/p>\n<p>Szabads\u00e1g\u00e9rt f\u00f6l\u00e1ldozom<\/p>\n<p>Szerelmemet.<\/p>\n<p>&nbsp;<\/p>\n<p>Pest, 1847. janu\u00e1r 1.<\/p>\n<p>&nbsp;<\/p>\n<p>Pet\u0151fi az 1849. j\u00falius 31-i segesv\u00e1ri csata sor\u00e1n t\u0171nt el, \u00e9s felt\u00e9telezhet\u0151en a harcokban halt meg, b\u00e1r holttest\u00e9t soha nem tal\u00e1lt\u00e1k meg.<\/p>\n<p><strong>Pet\u0151fi ma<\/strong><\/p>\n<p>Pet\u0151fi 200 \u00e9vvel ezel\u0151tt sz\u00fcletett, de n\u00e9pszer\u0171s\u00e9ge az\u00f3ta sem cs\u00f6kkent Magyarorsz\u00e1gon. Az 1954-ben megalap\u00edtott Pet\u0151fi Irodalmi M\u00fazeum feladata az irodalmi eml\u00e9kek gy\u0171jt\u00e9se, meg\u0151rz\u00e9se, feldolgoz\u00e1sa, kiad\u00e1sa \u00e9s ki\u00e1ll\u00edt\u00e1sa. Az \u00e1lland\u00f3 Pet\u0151fi-ki\u00e1ll\u00edt\u00e1s \u00e9s az id\u0151szaki ki\u00e1ll\u00edt\u00e1sok mellett a m\u00fazeum sz\u00e1mos programot k\u00edn\u00e1l: irodalmi besz\u00e9lget\u00e9seket, felolvas\u00e1sokat, k\u00f6nyvbemutat\u00f3kat, kerekasztal-besz\u00e9lget\u00e9seket, ny\u00e1ri koncerteket, sz\u00ednh\u00e1zi el\u0151ad\u00e1sokat.<\/p>\n<p>A 2022-2023-as Pet\u0151fi S\u00e1ndor-eml\u00e9k\u00e9vben Magyarorsz\u00e1g bicenten\u00e1riumi programokkal, vid\u00e9ki m\u00fazeumokkal, irodalmi eml\u00e9kh\u00e1zak \u00e9s eml\u00e9khelyek kialak\u00edt\u00e1s\u00e1val \u00fcnnepli Pet\u0151fi S\u00e1ndor \u00f6r\u00f6ks\u00e9g\u00e9t. A Pet\u0151fi M\u00fazeumban \u00faj \u00e1lland\u00f3 ki\u00e1ll\u00edt\u00e1s az \u00edr\u00f3r\u00f3l \u201eK\u00f6lt\u0151 lenni vagy nem lenni\u201d c\u00edmmel, m\u00e1r l\u00e1togathat\u00f3.<\/p>\n<p>Forr\u00e1sok:<\/p>\n<ul>\n<li><a href=\"http:\/\/studyinhungary.hu\/blog\/hungary-s-march-15-national-holiday-a-brief-overview\" target=\"_blank\" rel=\"noopener\">http:\/\/studyinhungary.hu\/blog\/hungary-s-march-15-national-holiday-a-brief-overview<\/a><\/li>\n<li><a href=\"https:\/\/kafkadesk.org\/2020\/11\/20\/sandor-petofi-the-building-of-a-hungarian-legend\/\" target=\"_blank\" rel=\"noopener\">https:\/\/kafkadesk.org\/2020\/11\/20\/sandor-petofi-the-building-of-a-hungarian-legend\/<\/a><\/li>\n<li><a href=\"https:\/\/hungarytoday.hu\/hungarys-national-poet-sandor-petofi-born-200-years-ago\/\" target=\"_blank\" rel=\"noopener\">https:\/\/hungarytoday.hu\/hungarys-national-poet-sandor-petofi-born-200-years-ago\/<\/a><\/li>\n<li><a href=\"https:\/\/welovebudapest.com\/en\/venue\/petofi-literary-museum\" target=\"_blank\" rel=\"noopener\">https:\/\/welovebudapest.com\/en\/venue\/petofi-literary-museum<\/a><\/li>\n<li><a href=\"https:\/\/www.britannica.com\/biography\/Sandor-Petofi\" target=\"_blank\" rel=\"noopener\">https:\/\/www.britannica.com\/biography\/Sandor-Petofi<\/a><\/li>\n<li>wikip\u00e9dia<\/li>\n<\/ul>\n","protected":false},"excerpt":{"rendered":"<p>1848. m\u00e1rcius 15-\u00e9n forradalom t\u00f6rt ki Magyarorsz\u00e1gon. Sz\u00e1mos, a magyar t\u00f6rt\u00e9nelem meghat\u00e1roz\u00f3 politikusai mellett az esem\u00e9nyek k\u00f6zponti figur\u00e1ja egy m\u00e1r akkor is h\u00edres \u00edr\u00f3 lett. A 200 \u00e9ve sz\u00fcletett Pet\u0151fi S\u00e1ndor az 1848-49-es forradalom \u00e9s szabads\u00e1gharc szimb\u00f3lum\u00e1v\u00e1 v\u00e1lt.<\/p>\n","protected":false},"featured_media":10724,"comment_status":"closed","ping_status":"closed","template":"","tags":[],"portfolio_entries":[39],"class_list":["post-10728","portfolio","type-portfolio","status-publish","has-post-thumbnail","hentry","portfolio_entries-aktualis"],"_links":{"self":[{"href":"https:\/\/diasporascholarship.hu\/hu\/wp-json\/wp\/v2\/portfolio\/10728","targetHints":{"allow":["GET"]}}],"collection":[{"href":"https:\/\/diasporascholarship.hu\/hu\/wp-json\/wp\/v2\/portfolio"}],"about":[{"href":"https:\/\/diasporascholarship.hu\/hu\/wp-json\/wp\/v2\/types\/portfolio"}],"replies":[{"embeddable":true,"href":"https:\/\/diasporascholarship.hu\/hu\/wp-json\/wp\/v2\/comments?post=10728"}],"version-history":[{"count":0,"href":"https:\/\/diasporascholarship.hu\/hu\/wp-json\/wp\/v2\/portfolio\/10728\/revisions"}],"wp:featuredmedia":[{"embeddable":true,"href":"https:\/\/diasporascholarship.hu\/hu\/wp-json\/wp\/v2\/media\/10724"}],"wp:attachment":[{"href":"https:\/\/diasporascholarship.hu\/hu\/wp-json\/wp\/v2\/media?parent=10728"}],"wp:term":[{"taxonomy":"post_tag","embeddable":true,"href":"https:\/\/diasporascholarship.hu\/hu\/wp-json\/wp\/v2\/tags?post=10728"},{"taxonomy":"portfolio_entries","embeddable":true,"href":"https:\/\/diasporascholarship.hu\/hu\/wp-json\/wp\/v2\/portfolio_entries?post=10728"}],"curies":[{"name":"wp","href":"https:\/\/api.w.org\/{rel}","templated":true}]}}