{"id":5124,"date":"2020-10-27T07:16:05","date_gmt":"2020-10-27T06:16:05","guid":{"rendered":"http:\/\/diasporascholarship.hu\/?page_id=5124"},"modified":"2023-02-16T15:10:23","modified_gmt":"2023-02-16T14:10:23","slug":"adatvedelem","status":"publish","type":"page","link":"https:\/\/diasporascholarship.hu\/hu\/adatvedelem\/","title":{"rendered":"Adatv\u00e9delem"},"content":{"rendered":"\n<style type=\"text\/css\" data-created_by=\"avia_inline_auto\" id=\"style-css-av-27nfuf-f9e1d9587779f9b8d385b33b031a26b5\">\n.flex_column.av-27nfuf-f9e1d9587779f9b8d385b33b031a26b5{\nborder-radius:0px 0px 0px 0px;\n-webkit-border-radius:0px 0px 0px 0px;\n-moz-border-radius:0px 0px 0px 0px;\npadding:50px 50px 50px 50px;\n}\n<\/style>\n<div class='flex_column av-27nfuf-f9e1d9587779f9b8d385b33b031a26b5 av_one_full  avia-builder-el-0  el_before_av_textblock  avia-builder-el-first  first flex_column_div '   ><style type=\"text\/css\" data-created_by=\"avia_inline_auto\" id=\"style-css-av-klauaecs-498bc4de5897492da03c7c0e508ab065\">\n#top .av-special-heading.av-klauaecs-498bc4de5897492da03c7c0e508ab065{\npadding-bottom:10px;\n}\nbody .av-special-heading.av-klauaecs-498bc4de5897492da03c7c0e508ab065 .av-special-heading-tag .heading-char{\nfont-size:25px;\n}\n.av-special-heading.av-klauaecs-498bc4de5897492da03c7c0e508ab065 .av-subheading{\nfont-size:15px;\n}\n<\/style>\n<div  class='av-special-heading av-klauaecs-498bc4de5897492da03c7c0e508ab065 av-special-heading-h3  avia-builder-el-1  avia-builder-el-no-sibling '><h3 class='av-special-heading-tag'  itemprop=\"headline\"  >Adatv\u00e9delmi ir\u00e1nyelvek<\/h3><div class=\"special-heading-border\"><div class=\"special-heading-inner-border\"><\/div><\/div><\/div><\/div>\n<section  class='av_textblock_section av-klaubzph-e7bbddb5fc29a774a9a871d7c7267291'  itemscope=\"itemscope\" itemtype=\"https:\/\/schema.org\/CreativeWork\" ><div class='avia_textblock'  itemprop=\"text\" ><p><strong>Adatv\u00e9delmi ir\u00e1nyelvek<\/strong><\/p>\n<p>A Tempus K\u00f6zalap\u00edtv\u00e1ny a p\u00e1ly\u00e1zataival kapcsolatos minden inform\u00e1ci\u00f3t, p\u00e1ly\u00e1zati \u0171rlapot, egy\u00e9b dokumentumot t\u00e9r\u00edt\u00e9smentesen bocs\u00e1t az \u00e9rdekl\u0151d\u0151k rendelkez\u00e9s\u00e9re.<\/p>\n<p>A Tempus K\u00f6zalap\u00edtv\u00e1ny a honlapon tal\u00e1lhat\u00f3 anyagok kiz\u00e1r\u00f3lag szem\u00e9lyes, nem kereskedelmi c\u00e9l\u00fa tanulm\u00e1nyoz\u00e1s\u00e1t \u00e9s let\u00f6lt\u00e9s\u00e9t enged\u00e9lyezi, azzal a felt\u00e9tellel, hogy \u00d6n az eredeti anyagokat vagy azok m\u00e1solatait \u00e9rint\u0151 szerz\u0151i jogokat \u00e9s a szellemi alkot\u00e1sokhoz f\u0171z\u0151d\u0151 egy\u00e9b jogokat marad\u00e9ktalanul tiszteletben tartja. A jelen honlapon tal\u00e1lhat\u00f3 anyagokat \u00d6n nem jogosult m\u00f3dos\u00edtani, \u00fajra el\u0151\u00e1ll\u00edtani, nyilv\u00e1nosan k\u00f6zz\u00e9tenni, el\u0151adni, terjeszteni, illetve egy\u00e9b m\u00f3don a nyilv\u00e1noss\u00e1got szolg\u00e1l\u00f3 vagy kereskedelmi c\u00e9lzattal felhaszn\u00e1lni. A jelen felt\u00e9telek \u00e9rtelm\u00e9ben ezen anyagok m\u00e1s internetes oldalakon, illetve sz\u00e1m\u00edt\u00f3g\u00e9pes h\u00e1l\u00f3zati rendszerekben val\u00f3 b\u00e1rmilyen c\u00e9l\u00fa felhaszn\u00e1l\u00e1s\u00e1hoz k\u00e9rje a Tempus K\u00f6zalap\u00edtv\u00e1ny \u00edr\u00e1sos hozz\u00e1j\u00e1rul\u00e1s\u00e1t.<\/p>\n<p><strong>Az adatkezel\u00e9si t\u00e1j\u00e9koztat\u00f3 c\u00e9lja: <\/strong>Az adatkezel\u00e9s az \u00e9rintettek r\u00e9sz\u00e9re is \u00e1tl\u00e1that\u00f3 m\u00f3don t\u00f6rt\u00e9n\u0151 bemutat\u00e1sa (GDPR Preambulum (39), \u00e9s 5. cikk (1) a.) pontja alapj\u00e1n). A dokumentum c\u00e9lja, hogy t\u00e1j\u00e9koztat\u00e1st ny\u00fajtson a Tempus K\u00f6zalap\u00edtv\u00e1ny \u00e1ltal alkalmazott adatv\u00e9delmi \u00e9s adatkezel\u00e9si elvekr\u0151l.<\/p>\n<p><strong><u>Az Adatkezel\u0151 neve, el\u00e9rhet\u0151s\u00e9ge:<\/u><\/strong><\/p>\n<p><strong>Az Adatkezel\u0151 neve: <\/strong>TEMPUS K\u00f6zalap\u00edtv\u00e1ny<\/p>\n<p><strong>Sz\u00e9khely: <\/strong>1077 Budapest K\u00e9thly Anna t\u00e9r 1.<\/p>\n<p><strong>El\u00e9rhet\u0151s\u00e9ge: <\/strong>1077 Budapest K\u00e9thly Anna t\u00e9r 1.<\/p>\n<p><strong>Telefon: <\/strong>+361-237-1300<\/p>\n<p><strong>E-mail: <\/strong><a href=\"mailto:adatvedelem@tpf.hu\"><strong>adatvedelem@tpf.hu<\/strong><\/a><\/p>\n<p><strong>Adatv\u00e9delmi tisztvisel\u0151: <\/strong>dr. Ugrai G\u00e1bor<\/p>\n<p><strong>Az adatkezel\u00e9s helye: <\/strong>1077 Budapest K\u00e9thly Anna t\u00e9r 1.<\/p>\n<p><strong>Az adatkezel\u00e9s jogalapja: <\/strong>Az adatkezel\u00e9s jogszab\u00e1lyi h\u00e1tter\u00e9t az Eur\u00f3pai Parlament \u00e9s a Tan\u00e1cs (EU), a term\u00e9szetes szem\u00e9lyeknek a szem\u00e9lyes adatok kezel\u00e9se tekintet\u00e9ben t\u00f6rt\u00e9n\u0151 v\u00e9delm\u00e9r\u0151l \u00e9s az ilyen adatok szabad \u00e1raml\u00e1s\u00e1r\u00f3l, valamint a 95\/46\/EK ir\u00e1nyelv hat\u00e1lyon k\u00edv\u00fcl helyez\u00e9s\u00e9r\u0151l (\u00e1ltal\u00e1nos adatv\u00e9delmi rendelet\/GDPR) 2016\/679 sz. rendelete biztos\u00edtja. A magyarorsz\u00e1gi jogszab\u00e1lyi k\u00f6rnyezetet az inform\u00e1ci\u00f3s \u00f6nrendelkez\u00e9si jogr\u00f3l \u00e9s az inform\u00e1ci\u00f3szabads\u00e1gr\u00f3l sz\u00f3l\u00f3 2011. \u00e9vi CXII. tv. (Info. tv.) biztos\u00edtja.<\/p>\n<p><strong>GDPR 6. cikk (1) bekezd\u00e9s b.) pontja <\/strong><\/p>\n<p><strong>\u00a0Az \u00e9rintett szem\u00e9lyek, valamint a kezelt szem\u00e9lyes adatok k\u00f6re: <\/strong><\/p>\n<ul>\n<li><strong>\u00c9rintettek k\u00f6re: <\/strong>a Tempus K\u00f6zalap\u00edtv\u00e1ny munkav\u00e1llal\u00f3i akik admin jogosults\u00e1ggal rendelkeznek.<\/li>\n<li><strong>Kezelt szem\u00e9lyes adatok k\u00f6re: <\/strong><\/li>\n<li>n\u00e9v, vezet\u00e9kn\u00e9v, keresztn\u00e9v, c\u00e9ges e-mail c\u00edm, felhaszn\u00e1l\u00f3n\u00e9v.<\/li>\n<\/ul>\n<p><strong>A szem\u00e9lyes adatok forr\u00e1sa: <\/strong>A szem\u00e9lyes adatok k\u00f6zvetlen\u00fcl az \u00e9rintettekt\u0151l ker\u00fclnek az adatkezel\u0151k birtok\u00e1ba.<\/p>\n<p><strong>Az adatkezel\u00e9s c\u00e9lja(i<\/strong>): regisztr\u00e1ci\u00f3 \u00e9s hozz\u00e1f\u00e9r\u00e9s biztos\u00edt\u00e1sa<\/p>\n<p><strong>Az adatkezel\u00e9s id\u0151tartama: <\/strong>A munkaszerz\u0151d\u00e9s megsz\u0171n\u00e9s\u00e9ig.<\/p>\n<p><strong>Az \u00e1ltal\u00e1nos adatv\u00e9delmi ir\u00e1nyelvek:<\/strong><\/p>\n<p>Szem\u00e9lyes adat csak meghat\u00e1rozott c\u00e9lb\u00f3l, jog gyakorl\u00e1sa \u00e9s k\u00f6telezetts\u00e9g teljes\u00edt\u00e9se \u00e9rdek\u00e9ben kezelhet\u0151. Az adatkezel\u00e9snek minden szakasz\u00e1ban meg kell felelnie az adatkezel\u00e9s c\u00e9lj\u00e1nak.<\/p>\n<p>Adatkezel\u00e9s sor\u00e1n csak olyan szem\u00e9lyes adat kezelhet\u0151, amely az adatkezel\u00e9s c\u00e9lj\u00e1nak megval\u00f3sul\u00e1s\u00e1hoz elengedhetetlen, a c\u00e9l el\u00e9r\u00e9s\u00e9re alkalmas. Az adatkezel\u00e9s csak a c\u00e9l megval\u00f3sul\u00e1s\u00e1hoz sz\u00fcks\u00e9ges m\u00e9rt\u00e9kben \u00e9s ideig t\u00f6rt\u00e9nhet.<\/p>\n<p>A szem\u00e9lyes adat az adatkezel\u00e9s sor\u00e1n mindaddig meg\u0151rzi e min\u0151s\u00e9g\u00e9t, am\u00edg kapcsolata az \u00e9rintettel helyre\u00e1ll\u00edthat\u00f3. Az \u00e9rintettel akkor helyre\u00e1ll\u00edthat\u00f3 a kapcsolat, ha az adatkezel\u0151 rendelkezik azokkal a technikai felt\u00e9telekkel, amelyek a helyre\u00e1ll\u00edt\u00e1shoz sz\u00fcks\u00e9gesek.<\/p>\n<p>Az adatkezel\u00e9s c\u00e9lja mellett egy\u00e9rtelm\u0171 \u00e9s el\u0151zetes t\u00e1j\u00e9koztat\u00e1st kell k\u00f6zz\u00e9tenni arr\u00f3l, hogy az adatokat kik fogj\u00e1k kezelni, illetve feldolgozni.<\/p>\n<p>Az adatok t\u00e1rol\u00e1s\u00e1t az adatkezel\u00e9s c\u00e9lj\u00e1val ar\u00e1nyban \u00e1ll\u00f3an, az adatkezel\u00e9s c\u00e9lj\u00e1hoz sz\u00fcks\u00e9ges ideig biztons\u00e1gos m\u00f3don kell megval\u00f3s\u00edtani.<\/p>\n<p>Az adatkezel\u0151 \u00e9s az adatfeldolgoz\u00f3 k\u00f6teles gondoskodni az adatok biztons\u00e1g\u00e1r\u00f3l, valamint k\u00f6teles megtenni azokat a technikai \u00e9s szervez\u00e9si int\u00e9zked\u00e9seket, kialak\u00edtani azokat az elj\u00e1r\u00e1si szab\u00e1lyokat, amelyek a vonatkoz\u00f3 jogszab\u00e1lyi rendelkez\u00e9sek \u00e9rv\u00e9nyre juttat\u00e1s\u00e1hoz sz\u00fcks\u00e9gesek.<\/p>\n<p>Ezekr\u0151l a k\u00f6vetelm\u00e9nyekr\u0151l az adatkezel\u0151 bels\u0151 szab\u00e1lyzataiban rendelkezni sz\u00fcks\u00e9ges.<\/p>\n<p><strong>\u00a0<\/strong><\/p>\n<p><strong>Az adatok min\u0151s\u00e9ge:<\/strong><\/p>\n<p><strong>A szem\u00e9lyes adatokra vonatkoz\u00f3 k\u00f6vetelm\u00e9nyek az adatkezel\u00e9s sor\u00e1n:<\/strong><\/p>\n<ol>\n<li>az adatokat csak tisztess\u00e9gesen \u00e9s t\u00f6rv\u00e9nyesen szabad megszerezni \u00e9s feldolgozni.<\/li>\n<li>az adatokat csak meghat\u00e1rozott \u00e9s t\u00f6rv\u00e9nyes c\u00e9lra szabad t\u00e1rolni, \u00e9s att\u00f3l elt\u00e9r\u0151 m\u00f3don nem szabad felhaszn\u00e1lni.<\/li>\n<li>az adatoknak t\u00e1rol\u00e1suk c\u00e9lj\u00e1val ar\u00e1nyban kell \u00e1llniuk, \u00e9s meg kell felelni\u00fck e c\u00e9lnak, azon nem terjeszkedhetnek t\u00fal.<\/li>\n<li>az adatoknak pontosaknak, \u00e9s ha sz\u00fcks\u00e9ges id\u0151szer\u0171eknek kell lenni\u00fck.<\/li>\n<li>az adatok t\u00e1rol\u00e1si m\u00f3dj\u00e1nak olyannak kell lennie, amely az adatalany azonos\u00edt\u00e1s\u00e1t csak a t\u00e1rol\u00e1s c\u00e9lj\u00e1hoz sz\u00fcks\u00e9ges ideig teszi lehet\u0151v\u00e9<\/li>\n<\/ol>\n<p>Az Adatkezel\u0151 a szem\u00e9lyes adatokat az \u00c9rintett k\u00e9r\u00e9s\u00e9re \u2013 vissza nem \u00e1ll\u00edthat\u00f3 m\u00f3don, v\u00e9glegesen t\u00f6rli, amennyiben fenn\u00e1ll az al\u00e1bbi indokok egyike:<\/p>\n<ol>\n<li>a) a szem\u00e9lyes adatokra m\u00e1r nincs sz\u00fcks\u00e9g abb\u00f3l a c\u00e9lb\u00f3l, amelyb\u0151l azokat gy\u0171jt\u00f6tt\u00e9k vagy m\u00e1s m\u00f3don kezelt\u00e9k;<\/li>\n<li>b) az \u00e9rintett visszavonja a hozz\u00e1j\u00e1rul\u00e1s\u00e1t, \u00e9s az adatkezel\u00e9snek nincs m\u00e1s jogalapja;<\/li>\n<li>c) az \u00e9rintett tiltakozik az adatkezel\u00e9s ellen;<\/li>\n<li>d) a szem\u00e9lyes adatokat jogellenesen kezelt\u00e9k;<\/li>\n<li>e) a szem\u00e9lyes adatokat az adatkezel\u0151re alkalmazand\u00f3 uni\u00f3s vagy tag\u00e1llami jogban el\u0151\u00edrt jogi k\u00f6telezetts\u00e9g teljes\u00edt\u00e9s\u00e9hez t\u00f6r\u00f6lni kell;<\/li>\n<\/ol>\n<p><strong>Az adatokhoz val\u00f3 hozz\u00e1f\u00e9r\u00e9s:<\/strong><\/p>\n<p>Az adatkezel\u00e9s sor\u00e1n r\u00f6gz\u00edtett szem\u00e9lyes adatokhoz (a jogszab\u00e1lyban \u00e9s a jelen t\u00e1j\u00e9koztat\u00f3ban) meghat\u00e1rozott id\u0151tartam alatt &#8211; az adatkezel\u0151k arra felhatalmazott \u00e9s kijel\u00f6lt munkat\u00e1rsai, szab\u00e1lyozott \u00e9s nyomon k\u00f6vethet\u0151 form\u00e1ban f\u00e9rhetnek hozz\u00e1.<\/p>\n<p>Adattov\u00e1bb\u00edt\u00e1s harmadik orsz\u00e1gba vagy nemzetk\u00f6zi szervezet r\u00e9sz\u00e9re:<\/p>\n<p>Nem t\u00f6rt\u00e9nik adattov\u00e1bb\u00edt\u00e1s harmadik orsz\u00e1gba.<\/p>\n<p><strong>Adattov\u00e1bb\u00edt\u00e1s hat\u00f3s\u00e1g r\u00e9sz\u00e9re:<\/strong><\/p>\n<p>A jogszab\u00e1lyban meghat\u00e1rozott nemzetbiztons\u00e1gi, b\u0171n\u00fcld\u00f6z\u00e9si, szab\u00e1lys\u00e9rt\u00e9si, illetve igazs\u00e1gszolg\u00e1ltat\u00e1si feladatai ell\u00e1t\u00e1sa c\u00e9lj\u00e1b\u00f3l a nemzetbiztons\u00e1gi szolg\u00e1lat, a rend\u0151rs\u00e9g, a szab\u00e1lys\u00e9rt\u00e9si hat\u00f3s\u00e1g, az \u00fcgy\u00e9szs\u00e9g \u00e9s a b\u00edr\u00f3s\u00e1g ig\u00e9nyelhet szem\u00e9lyes adatot. Az adatkezel\u0151 a hat\u00f3s\u00e1gi megkeres\u00e9snek, jogszab\u00e1lyb\u00f3l ered\u0151en k\u00f6teles eleget tenni. Adattov\u00e1bb\u00edt\u00e1s t\u00f6rt\u00e9nhet harmadik f\u00e9l sz\u00e1m\u00e1ra de csak \u00e9s kiz\u00e1r\u00f3lag az \u00e9rintett el\u0151zetes \u00edr\u00e1sbeli hozz\u00e1j\u00e1rul\u00e1s\u00e1val, \u00e9s az el\u0151zetesen megadott teljesk\u00f6r\u0171 adatkezel\u00e9si t\u00e1j\u00e9koztat\u00f3 megismertet\u00e9s\u00e9vel.<\/p>\n<p><strong>Adatbiztons\u00e1gi int\u00e9zked\u00e9sek:<\/strong><\/p>\n<p>A Tempus K\u00f6zalap\u00edtv\u00e1ny mint Adatkezel\u0151 kijelenti, hogy a tudom\u00e1ny jelenlegi \u00e1ll\u00e1s\u00e1nak megfelel\u0151, adminisztrat\u00edv, technikai, informatikai \u00e9s mechanikus biztons\u00e1gi int\u00e9zked\u00e9seket hozott annak \u00e9rdek\u00e9ben, hogy a kezelt szem\u00e9lyes adatokat v\u00e9dje\u00a0a jogosulatlan hozz\u00e1f\u00e9r\u00e9s, megv\u00e1ltoztat\u00e1s, tov\u00e1bb\u00edt\u00e1s, nyilv\u00e1noss\u00e1gra hozatal, t\u00f6rl\u00e9s vagy megsemmis\u00edt\u00e9s, valamint a v\u00e9letlen megsemmis\u00fcl\u00e9s \u00e9s s\u00e9r\u00fcl\u00e9s, tov\u00e1bb\u00e1 az alkalmazott technika megv\u00e1ltoz\u00e1s\u00e1b\u00f3l fakad\u00f3 hozz\u00e1f\u00e9rhetetlenn\u00e9 v\u00e1l\u00e1s ellen.<\/p>\n<p>Az adatkezel\u0151 gondoskodott arr\u00f3l, hogy\u00a0adatokhoz hozz\u00e1f\u00e9r\u0151 munkav\u00e1llal\u00f3i megfelel\u0151en lettek t\u00e1j\u00e9koztatva az adatv\u00e9delmi k\u00f6vetelm\u00e9nyekr\u0151l, valamint adatv\u00e9delmi oktat\u00e1sban r\u00e9szes\u00fcltek.<\/p>\n<p>Szem\u00e9lyes adatokat harmadik szem\u00e9lyeknek az adatkezel\u0151 nem ad \u00e1t. Ez nem vonatkozik az esetleges, t\u00f6rv\u00e9nyben el\u0151\u00edrt, k\u00f6telez\u0151 adattov\u00e1bb\u00edt\u00e1sokra.<\/p>\n<p>Az adatkezel\u0151 k\u00f6teles megfelel\u0151 biztons\u00e1gi int\u00e9zked\u00e9seket tenni az automatiz\u00e1lt adat\u00e1llom\u00e1nyokban t\u00e1rolt szem\u00e9lyes adatok v\u00e9delme \u00e9rdek\u00e9ben a v\u00e9letlen vagy jogtalan megsemmis\u00edt\u00e9s, vagy v\u00e9letlen elveszt\u00e9s, valamint a jogtalan hozz\u00e1f\u00e9r\u00e9s, megv\u00e1ltoztat\u00e1s vagy terjeszt\u00e9s megakad\u00e1lyoz\u00e1s\u00e1ra. Az adatkezel\u0151 az adatok biztons\u00e1g\u00e1t szolg\u00e1l\u00f3 int\u00e9zked\u00e9sek meghat\u00e1roz\u00e1sakor \u00e9s alkalmaz\u00e1sakor tekintettel kell lenni a technika mindenkori fejletts\u00e9g\u00e9re.<\/p>\n<p><strong>Az \u00e9rintetteket megillet\u0151 jogok:<\/strong><\/p>\n<p><em>Az el\u0151zetes t\u00e1j\u00e9koz\u00f3d\u00e1shoz val\u00f3 jog (GDPR 13. cikk):<\/em> az \u00e9rintett jogosult arra, hogy az adatkezel\u00e9ssel \u00f6sszef\u00fcgg\u0151 t\u00e9nyekr\u0151l az adatkezel\u00e9s megkezd\u00e9s\u00e9t megel\u0151z\u0151en t\u00e1j\u00e9koztat\u00e1st kapjon\u00a0\u2013 amely jog \u00e9rv\u00e9nyes\u00fcl\u00e9s\u00e9t jelen t\u00e1j\u00e9koztat\u00f3 szolg\u00e1lja.<\/p>\n<p><em>A hozz\u00e1f\u00e9r\u00e9shez valo\u0301 jog (GDPR 15. cikk):<\/em> k\u00e9relm\u00e9re szem\u00e9lyes adatait \u00e9s az azok kezel\u00e9s\u00e9vel \u00f6sszef\u00fcgg\u0151 inform\u00e1ci\u00f3kat az adatkezel\u0151 a rendelkez\u00e9s\u00e9re bocs\u00e1ssa,<\/p>\n<p>Az \u00e9rintett a megadott ele\u0301rheto\u030bse\u0301geken keresztu\u0308l, i\u0301ra\u0301sban ta\u0301je\u0301koztata\u0301st ke\u0301rhet az adatkezel\u0151t\u0151l, hogy az \u00e9rintettet ta\u0301je\u0301koztassa:<br \/>\n&#8211; milyen szeme\u0301lyes adatait,<br \/>\n&#8211; milyen jogalapon,<br \/>\n&#8211; milyen adatkezele\u0301si ce\u0301l miatt,<br \/>\n&#8211; milyen forra\u0301sbo\u0301l,<br \/>\n&#8211; mennyi ideig kezeli,<br \/>\n&#8211; az adatkezel\u0151.kinek, mikor, milyen jogszaba\u0301ly alapja\u0301n, mely szeme\u0301lyes adataihoz biztosi\u0301tott hozza\u0301fe\u0301re\u0301st vagy kinek tova\u0301bbi\u0301totta a szeme\u0301lyes adatait.<\/p>\n<p>Az Adatkezel\u0151 az \u00e9rintett ke\u0301relme\u0301t legfeljebb harminc napon belu\u0308l, az \u00e9rintett a\u0301ltal megadott ele\u0301rheto\u030bse\u0301gre ku\u0308ldo\u0308tt elektronikus leve\u0301lben teljesi\u0301ti.<\/p>\n<p><em>A helyesbi\u0301te\u0301shez valo\u0301 jog (GDPR 16. cikk<\/em>): az \u00e9rintett k\u00e9relm\u00e9re, valamint az e fejezetben meghat\u00e1rozott tov\u00e1bbi esetekben szem\u00e9lyes adatait az adatkezel\u0151nek az \u00e9rintett adatait helyesb\u00edtenie, pontos\u00edtania, illetve kieg\u00e9sz\u00edteni kell. Az \u00e9rintett a megadott ele\u0301rheto\u030bse\u0301geken keresztu\u0308l i\u0301ra\u0301sban ke\u0301rheti, hogy az adatkezel\u0151 mo\u0301dosi\u0301tsa valamely szeme\u0301lyes adata\u0301t (pe\u0301lda\u0301ul ba\u0301rmikor megva\u0301ltoztathatja az e-mail ci\u0301me\u0301t). Az adatkezel\u0151 az ke\u0301relme\u0301t legfeljebb harminc napon belu\u0308l teljesi\u0301ti. Az \u00e9rintett szem\u00e9lyek nyilatkozatot \u00edrnak al\u00e1 melyben a szem\u00e9lyes adataikat maguk adj\u00e1k meg. Amennyiben ezen megadott adatokban v\u00e1ltoz\u00e1s k\u00f6vetkezene be, \u00fajabb nyilatkozat kit\u00f6lt\u00e9s\u00e9t kell megtenni\u00fck.<\/p>\n<p><em>Az elfeledtet\u00e9shez (to\u0308rle\u0301shez) valo\u0301 jog (GDPR 17. cikk):<\/em> az \u00e9rintett \u2013 ha a szem\u00e9lyes adatokra a jogalapot biztos\u00edt\u00f3 kezel\u00e9s c\u00e9lj\u00e1b\u00f3l m\u00e1r nincs sz\u00fcks\u00e9g, vagy az \u00e9rintett \u00f6nk\u00e9ntes hozz\u00e1j\u00e1rul\u00e1s\u00e1t visszavonja, vagy adatait jogellenesen kezelik, vagy jog el\u0151\u00edrja a t\u00f6rl\u00e9st &#8211; a megadott ele\u0301rheto\u030bse\u0301geinken keresztu\u0308l, jogosult \u00e9rintett i\u0301ra\u0301sban ke\u0301rni, hogy az adatkezel\u0151 a szeme\u0301lyes adatait indokolatlan k\u00e9sedelem n\u00e9lk\u00fcl to\u0308r\u00f6lje.<\/p>\n<p>A to\u0308rle\u0301si ke\u0301relmet az adatkezel\u0151 abban az esetben utasi\u0301tja el, ha a k\u00e9relem alapozatlan vagy t\u00falz\u00f3, vagy jogszaba\u0301ly a szeme\u0301lyes adatok tova\u0301bbi ta\u0301rola\u0301sa\u0301ra ko\u0308telezi. Ilyen eset pe\u0301lda\u0301ul az, ha az iratta\u0301roza\u0301sra vonatkozo\u0301, belso\u030b szaba\u0301lyzatban foglalt hata\u0301rido\u030b nem telt le. Amennyiben azonban nincs ilyen ko\u0308telezettse\u0301g, akkor az adatkezel\u0151 az \u00e9rintett ke\u0301relme\u0301t legfeljebb harminc napon belu\u0308l teljesi\u0301ti, e\u0301s erro\u030bl az \u00e9rintett a\u0301ltal megadott ele\u0301rheto\u030bse\u0301gre ku\u0308ldo\u0308tt elektronikus leve\u0301lben \u2013 az \u00e9rtes\u00edt\u00e9si k\u00f6telezetts\u00e9g \u00e9rv\u00e9nyes\u00fcl\u00e9s\u00e9nek el\u0151seg\u00edt\u00e9se \u00e9rdek\u00e9ben (GDPR 19. cikk) &#8211; e\u0301rtesi\u0301ti.<\/p>\n<p><em>Az adatkezel\u00e9s korl\u00e1toz\u00e1s\u00e1hoz val\u00f3 jog (GDPR 18. cikk):<\/em> az \u00e9rintett k\u00e9relm\u00e9re, valamint a jogszab\u00e1lyban meghat\u00e1rozott tov\u00e1bbi esetekben szem\u00e9lyes adatai kezel\u00e9s\u00e9t az adatkezel\u0151 korl\u00e1tozza, ha az \u00e9rintett vitatja a kezelt adatok pontoss\u00e1g\u00e1t, vagy az adatkezel\u00e9s jogellenes, vagy az \u00e9rintettnek v\u00e9dend\u0151 \u00e9rdek\u00e9b\u0151l sz\u00fcks\u00e9ge van \u00e9s ig\u00e9nyli az adatait, vagy az \u00e9rintett eleve tiltakozott az adatkezel\u00e9s ellen.<\/p>\n<p><em>Az adathordozhat\u00f3s\u00e1ghoz val\u00f3 jog (GDPR 20. cikk):<\/em> Ha az adatkezel\u00e9s jogalapja \u00f6nk\u00e9ntes hozz\u00e1j\u00e1rul\u00e1s vagy szerz\u0151d\u00e9ses jogalap, \u00e9s az adatkezel\u00e9s automatiz\u00e1lt m\u00f3don t\u00f6rt\u00e9nik, akkor az \u00e9rintett jogosult arra, hogy a r\u00e1 vonatkoz\u00f3, \u00e1ltala egy adatkezel\u0151 rendelkez\u00e9s\u00e9re bocs\u00e1tott szem\u00e9lyes adatokat tagolt, sze\u0301les ko\u0308rben haszna\u0301lt, ge\u0301ppel olvashato\u0301 forma\u0301tumban megkapja.<\/p>\n<p>Az adathordozhat\u00f3s\u00e1ghoz val\u00f3 jog gyakorl\u00e1sa sor\u00e1n az e\u0301rintett jogosult arra, hogy \u2013 ha ez technikailag megvalo\u0301si\u0301thato\u0301 \u2013 ke\u0301rje a szeme\u0301lyes adatok adatkezelo\u030bk ko\u0308zo\u0308tti ko\u0308zvetlen tova\u0301bbi\u0301ta\u0301sa\u0301t.<\/p>\n<p><em>A tiltakoza\u0301shoz valo\u0301 jog (GDPR 21. cikk):<\/em> az \u00e9rintett a saj\u00e1t helyzet\u00e9vel kapcsolatos okokb\u00f3l, a megadott ele\u0301rheto\u030bse\u0301geken keresztu\u0308l, i\u0301ra\u0301sban tiltakozhat az adatkezele\u0301s ellen, ha az adatkezel\u0151 a szeme\u0301lyes adatokat jogellenesen kezeln\u00e9, tova\u0301bbi\u0301tana\u0301, felhaszna\u0301lna\u0301. (p\u00e9ld\u00e1ul k\u00f6zveten \u00fczletszerz\u00e9s, ko\u0308zve\u0301leme\u0301ny-kutata\u0301s vagy tudoma\u0301nyos kutata\u0301s c\u00e9lj\u00e1b\u00f3l t\u00f6rt\u00e9nik az adatkezel\u00e9s).<\/p>\n<p><strong>Jogorvoslati, jog\u00e9rv\u00e9nyes\u00edt\u00e9si lehet\u0151s\u00e9gek<\/strong><\/p>\n<p>A Tempus K\u00f6zalap\u00edtv\u00e1ny v\u00e1llalja, hogy az adatkezel\u00e9ssel, adatv\u00e9delemmel kapcsolatos k\u00e9relmekre ke\u0301sedelem ne\u0301lku\u0308l, de legfeljebb a ke\u0301relem bee\u0301rkeze\u0301se\u0301to\u030bl sza\u0301mi\u0301tott harminc napon belu\u0308l v\u00e1laszol \u00e9s ta\u0301je\u0301koztatja az e\u0301rintettet. Szu\u0308kse\u0301g esete\u0301n &#8211; figyelembe ve\u0301ve a ke\u0301relem o\u0308sszetettse\u0301ge\u0301t e\u0301s a ke\u0301relmek sza\u0301ma\u0301t &#8211; ez a hata\u0301rido\u030b tova\u0301bbi hatvan nappal meghosszabbi\u0301thato\u0301, de eben az esetben a k\u00e9zhezv\u00e9telt\u0151l sz\u00e1m\u00edtott harminc napon bel\u00fcl a hosszabb\u00edt\u00e1s t\u00e9ny\u00e9r\u0151l a Tempus K\u00f6zalap\u00edtv\u00e1nynak t\u00e1j\u00e9koztatnia kell az \u00e9rintettet.<\/p>\n<p>E-mail eset\u00e9ben a k\u00e9zhezv\u00e9tel id\u0151pontj\u00e1nak az elk\u00fcld\u00e9st k\u00f6vet\u0151 els\u0151 munkanapot kell tekinteni. Szem\u00e9lyes adataik kezel\u00e9s\u00e9r\u0151l az \u00e9rintettek a Tempus K\u00f6zalap\u00edtv\u00e1ny, mint adatkezel\u0151t\u0151l b\u00e1rmikor, \u00edr\u00e1sban &#8211; tov\u00e1bbi formai k\u00f6t\u00f6tts\u00e9get mell\u0151zve &#8211; k\u00e9rhetnek t\u00e1j\u00e9koztat\u00e1st az al\u00e1bbi m\u00f3dok egyik\u00e9n:<\/p>\n<ul>\n<li>a Tempus K\u00f6zalap\u00edtv\u00e1ny sz\u00e9khely\u00e9re, k\u00fcld\u00f6tt aj\u00e1nlott lev\u00e9lben,<\/li>\n<li>valamint e-mailben az <a href=\"mailto:adatvedelem@tpf.hu\">adatvedelem@tpf.hu<\/a>\u00a0 e-mail c\u00edmen.<\/li>\n<\/ul>\n<p>Az \u00e9rintett a jogainak esetleges megs\u00e9rt\u00e9se eset\u00e9n a 2011. \u00e9vi CXII (Info tv.) 22. \u00a7 a) pontja szerint a Nemzeti Adatv\u00e9delmi \u00e9s Inform\u00e1ci\u00f3szabads\u00e1g Hat\u00f3s\u00e1g vizsg\u00e1lat\u00e1t kezdem\u00e9nyezheti, valamint a b) pont alapj\u00e1n a hat\u00f3s\u00e1g adatv\u00e9delmi hat\u00f3s\u00e1gi elj\u00e1r\u00e1s\u00e1nak lefolytat\u00e1s\u00e1t k\u00e9relmezheti.<\/p>\n<p>Nemzeti Adatv\u00e9delmi \u00e9s Inform\u00e1ci\u00f3szabads\u00e1g Hat\u00f3s\u00e1g<\/p>\n<p>posta c\u00edm: 1363 \u00a0Budapest, Pf.: 9.<br \/>\nc\u00edm: 1055 \u00a0Budapest, Falk Miksa u. 9-11.<br \/>\nTelefon: +36 (1) 391-1400<br \/>\nFax: +36 (1) 391-1410<br \/>\nE-mail: ugyfelszolgalat@naih.hu<br \/>\nWeb c\u00edm:<u> www.naih.hu<\/u><\/p>\n<p>Az \u00e9rintett az Info tv.\u00a0 23. \u00a7-ban foglaltak szerint jogainak \u00e9rv\u00e9nyes\u00edt\u00e9s \u00e9rdek\u00e9ben b\u00edr\u00f3s\u00e1ghoz fordulhat.<\/p>\n<h2 style=\"text-align: center;\"><strong>S\u00fctik kezel\u00e9se<\/strong><\/h2>\n<p>Ezen a weboldalon s\u00fctiket (cookie-kat) haszn\u00e1lunk szolg\u00e1ltat\u00e1saink min\u0151s\u00e9g\u00e9nek jav\u00edt\u00e1sa \u00e9rdek\u00e9ben. A s\u00fctik biztos\u00edtj\u00e1k az oldal hat\u00e9kony m\u0171k\u00f6d\u00e9s\u00e9t, valamint seg\u00edtenek, hogy a legjobb felhaszn\u00e1l\u00f3i \u00e9lm\u00e9nyt ny\u00fajthassuk l\u00e1togat\u00f3inknak, \u00e9s hogy min\u00e9l relev\u00e1nsabb, \u00e9rdekl\u0151d\u00e9si k\u00f6r\u00fcknek megfelel\u0151 hirdet\u00e9seket jelen\u00edthess\u00fcnk meg sz\u00e1mukra. Ezt kifejezett hozz\u00e1j\u00e1rul\u00e1sukkal tessz\u00fck, amennyiben elfogadj\u00e1k a s\u00fcti bannerben az elemz\u00e9si \u00e9s marketing c\u00e9l\u00fa s\u00fctik haszn\u00e1lat\u00e1t. A weboldal rendszer\u00e9nek m\u0171k\u00f6d\u00e9s\u00e9hez sz\u00fcks\u00e9ges s\u00fctiken k\u00edv\u00fcl ak\u00e1r az \u00f6sszeset letilthatj\u00e1k ugyanebben a bannerben. A s\u00fcti be\u00e1ll\u00edt\u00e1sokat b\u00e1rmikor megv\u00e1ltoztathatj\u00e1k az ablak alj\u00e1n tal\u00e1lhat\u00f3 S\u00fcti be\u00e1ll\u00edt\u00e1sok felugr\u00f3 ablakra kattintva.<\/p>\n<p><strong>A weboldal karbantart\u00e1sa \u00e9s t\u00e1rhelyszolg\u00e1ltat\u00e1sa kapcs\u00e1n adatfeldolgoz\u00f3k\u00e9nt vesz r\u00e9szt<\/strong><strong>:<\/strong><\/p>\n<p>Ferling Kft. (FERLING Tan\u00e1csad\u00f3 \u00e9s Szolg\u00e1ltat\u00f3 Korl\u00e1tolt Felel\u0151ss\u00e9g\u0171 T\u00e1rsas\u00e1g)<\/p>\n<p>Sz\u00e9khely: 7621 P\u00e9cs, M\u00e1ria u. 8., I. em. 3. a.<\/p>\n<p>Telefonsz\u00e1m: +36 72 512 370<\/p>\n<p>E-mail c\u00edm: info@ferling.hu<\/p>\n<p><strong>Hogyan haszn\u00e1ljuk a cookie-kat?<\/strong><\/p>\n<p>A honlapon els\u0151dleges\u00a0(vagy bels\u0151), \u00e9s\u00a0harmadik felekt\u0151l sz\u00e1rmaz\u00f3\u00a0s\u00fctiket is haszn\u00e1lunk. Az els\u0151dleges s\u00fctik a honlapr\u00f3l sz\u00e1rmaznak, \u00e9s az ezek \u00e1ltal gy\u0171jt\u00f6tt \u00e9s felhaszn\u00e1lt adatokat a Tempus K\u00f6zalap\u00edtv\u00e1ny t\u00e1rolja \u00e9s kezeli. Az els\u0151dleges s\u00fctik haszn\u00e1lata elengedhetetlen ahhoz, hogy a weboldal biztos\u00edthassa azokat a szolg\u00e1ltat\u00e1sokat, melyek ig\u00e9nybev\u00e9tel\u00e9t maga a felhaszn\u00e1l\u00f3 egy\u00e9rtelm\u0171en kezdem\u00e9nyezi az \u00e1ltal, hogy megnyitja a weboldalt.<\/p>\n<p>Amennyiben a weboldalon k\u00fcls\u0151 webes szolg\u00e1ltat\u00e1sok seg\u00edts\u00e9g\u00e9vel jelen\u00edt\u00fcnk meg k\u00fcl\u00f6nf\u00e9le tartalmakat, harmadik felekt\u0151l sz\u00e1rmaz\u00f3 s\u00fctikr\u0151l besz\u00e9l\u00fcnk. Ebben az esetben nincs befoly\u00e1sunk arra, hogy ezek a weboldalak, illetve k\u00fcls\u0151 domainek milyen adatokat gy\u0171jtenek. Ezekr\u0151l a cookie-kr\u00f3l az adott szolg\u00e1ltat\u00f3 adatv\u00e9delmi szab\u00e1lyzata ad t\u00e1j\u00e9koztat\u00e1st. A harmadik felekt\u0151l sz\u00e1rmaz\u00f3 s\u00fctik egyr\u00e9szt webanalitikai c\u00e9lokat szolg\u00e1lnak, illetve ahhoz sz\u00fcks\u00e9gesek, hogy a felhaszn\u00e1l\u00f3k interakci\u00f3kat folytathassanak a YouTube vide\u00f3kkal, valamint Facebook hirdet\u00e9seket jelen\u00edthess\u00fcnk meg sz\u00e1mukra. Ezekr\u0151l az al\u00e1bbiakban adunk r\u00e9szletesebb t\u00e1j\u00e9koztat\u00e1st.<\/p>\n<ul>\n<li><strong>Munkamenet s\u00fctik \u2013 \u201eSession cookie\u201d-k<\/strong><\/li>\n<\/ul>\n<p>A \u201cmunkamenet s\u00fctik\u201d a honlap b\u00f6ng\u00e9sz\u00e9s\u00e9hez, a funkci\u00f3k haszn\u00e1lat\u00e1hoz sz\u00fcks\u00e9gesek, t\u00f6bbek k\u00f6z\u00f6tt lehet\u0151v\u00e9 teszik a l\u00e1togat\u00f3 \u00e1ltal adott oldalon, funkci\u00f3ban vagy szolg\u00e1ltat\u00e1sban v\u00e9gzett m\u0171veletek megjegyz\u00e9s\u00e9t. A \u201cmunkamenet s\u00fctik\u201d alkalmaz\u00e1sa n\u00e9lk\u00fcl a honlap z\u00f6kken\u0151mentes haszn\u00e1lata nem garant\u00e1lhat\u00f3. \u00c9rv\u00e9nyess\u00e9gi idej\u00fck az adott l\u00e1togat\u00e1s id\u0151tartam\u00e1ra terjed ki, a \u201cs\u00fctik\u201d a munkamenet v\u00e9g\u00e9n vagy a b\u00f6ng\u00e9sz\u0151 bez\u00e1r\u00e1s\u00e1val automatikusan t\u00f6rl\u0151dnek.<\/p>\n<p>A <a href=\"http:\/\/www.diasporascholarship.hu\">www.diasporascholarship.hu<\/a> \u00a0honlap \u00e1ltal haszn\u00e1lt munkamenet \u201ccookie-k\u201d az al\u00e1bbiak:<\/p>\n<ul>\n<li>_fbp<\/li>\n<li>_ga<\/li>\n<li>_ga_K5BDCDCQ7L<\/li>\n<li>_ga_LRMKG64SYT<\/li>\n<li>wordpress_logged_in_[user-id]<\/li>\n<li>wordpress_sec_[user-id]<\/li>\n<li>wordpress_test_cookie<\/li>\n<li>wp-settings-1<\/li>\n<li>wp-settings-time-1<\/li>\n<li>wp_lang<\/li>\n<\/ul>\n<p><strong>\u00a0<\/strong><\/p>\n<p><strong>b.) Az \u00fagynevezett haszn\u00e1latot t\u00e1mogat\u00f3 s\u00fctik.<\/strong><\/p>\n<p>Ezek a \u201cs\u00fctik\u201d lehet\u0151v\u00e9 teszik, hogy honlapunk megjegyezze, hogy milyen m\u0171k\u00f6d\u00e9si m\u00f3dot v\u00e1lasztott Ez annak \u00e9rdek\u00e9ben t\u00f6rt\u00e9nik, hogy a k\u00f6vetkez\u0151 l\u00e1togat\u00e1s alkalm\u00e1val ezeket ne kelljen \u00fajb\u00f3l megadnia. A preferenci\u00e1kat t\u00e1rol\u00f3 \u201cs\u00fctikben\u201d l\u00e9v\u0151 inform\u00e1ci\u00f3k n\u00e9lk\u00fcl honlapunk kev\u00e9sb\u00e9 g\u00f6rd\u00fcl\u00e9kenyen ugyan, de m\u0171k\u00f6dhet.<\/p>\n<p>A honlap az al\u00e1bbi, haszn\u00e1latot t\u00e1mogat\u00f3 s\u00fctit alkalmazza:<\/p>\n<p>A cookie consent elfogad\u00e1s cookie-ja (l. a jelen t\u00e1j\u00e9koztat\u00f3 V.pontj\u00e1t)<\/p>\n<p><strong>\u00a0<\/strong><\/p>\n<p><strong>c.) A teljes\u00edtm\u00e9nyt biztos\u00edt\u00f3 s\u00fctik.<\/strong><\/p>\n<p>A \u201eteljes\u00edtm\u00e9nyt biztos\u00edt\u00f3 s\u00fctik\u201d seg\u00edts\u00e9g\u00e9vel inform\u00e1ci\u00f3t gy\u0171jt\u00fcnk arr\u00f3l, hogy l\u00e1togat\u00f3ink hogyan haszn\u00e1lj\u00e1k honlapunkat (pl. a l\u00e1togat\u00f3 mely oldalainkat tekintette meg, h\u00e1ny oldalt keresett fel, az oldal mely r\u00e9sz\u00e9re kattintott, milyen hossz\u00fa volt az egyes munkamenetek ideje, milyen hiba\u00fczeneteket kapott stb.). Ez az\u00e9rt \u00e9s annak \u00e9rdek\u00e9ben t\u00f6rt\u00e9nik, hogy a honlapunkat (el\u00e9rhet\u0151 szolg\u00e1ltat\u00e1sokat, funkci\u00f3kat stb.) l\u00e1togat\u00f3ink ig\u00e9nyeinek megfelel\u0151en tudjuk tov\u00e1bb fejleszteni, \u00e9s magas sz\u00ednvonal\u00fa, felhaszn\u00e1l\u00f3bar\u00e1t \u00e9lm\u00e9nyt tudjunk biztos\u00edtani a\u00a0 sz\u00e1mukra.<\/p>\n<p>Teljes\u00edtm\u00e9nym\u00e9r\u00e9s c\u00e9lj\u00e1b\u00f3l weboldalunk minden l\u00e1togat\u00e1s alkalm\u00e1val harmadik f\u00e9l \u00e1ltali \u201es\u00fctiket\u201d haszn\u00e1l. A \u201es\u00fctik\u201d haszn\u00e1lat\u00e1val nyomon k\u00f6vetj\u00fck, hogy a weboldalt h\u00e1nyan l\u00e1togatj\u00e1k, \u00e9s milyen tartalmak ir\u00e1nt \u00e9rdekl\u0151dnek. Minden inform\u00e1ci\u00f3t n\u00e9v n\u00e9lk\u00fcl t\u00e1rolunk \u00e9s a l\u00e1togat\u00f3k viselked\u00e9s\u00e9nek anonim elemz\u00e9s\u00e9re haszn\u00e1ljuk, hogy magas sz\u00ednvonal\u00fa \u00e9lm\u00e9nyt tudjunk biztos\u00edtani a felhaszn\u00e1l\u00f3knak.<\/p>\n<p>A honlap az al\u00e1bbi szolg\u00e1ltat\u00f3 analitikai c\u00e9l\u00fa s\u00fctijeit haszn\u00e1lja:<\/p>\n<p>A Google-hoz tartoz\u00f3 s\u00fctik:<\/p>\n<p>1P_JAR<\/p>\n<p>ANID<\/p>\n<p>CONSENT<\/p>\n<p>NID<\/p>\n<p>_Secure-3PAPISID<\/p>\n<p>_Secure-3PSID<\/p>\n<p>_Secure-PSIDCC<\/p>\n<p>Egy\u00e9b s\u00fctik:<\/p>\n<p>[cmplz-cookies]<\/p>\n<p><strong>Webanalitika<\/strong><\/p>\n<p>Webanalitikai c\u00e9lokb\u00f3l a Google Analyticst\u0151l sz\u00e1rmaz\u00f3 s\u00fctiket haszn\u00e1lunk. A Google Analytics egy olyan szolg\u00e1ltat\u00e1s, mely s\u00fctik felhaszn\u00e1l\u00e1s\u00e1val k\u00f6veti a weboldalak l\u00e1togat\u00f3inak interakci\u00f3it, \u00e9s ezzel seg\u00edt a weboldalak tulajdonosainak meg\u00e9rteni, hogy milyen m\u00f3dokon haszn\u00e1lj\u00e1k fel a l\u00e1togat\u00f3k a weboldalt. A Google Analyticst\u00f3l sz\u00e1rmaz\u00f3 s\u00fctik \u2013 melyek kiz\u00e1r\u00f3lag a felhaszn\u00e1l\u00f3k hozz\u00e1j\u00e1rul\u00e1s\u00e1t k\u00f6vet\u0151en telep\u00fclnek \u2013 olyan m\u00f3don gy\u0171jtenek adatokat, mely nem teszi lehet\u0151v\u00e9 az egyes felhaszn\u00e1l\u00f3k k\u00f6zvetlen azonos\u00edt\u00e1s\u00e1t.<\/p>\n<p>A felhaszn\u00e1l\u00f3k b\u00e1rmikor megakad\u00e1lyozhatj\u00e1k a Google Analytics szolg\u00e1ltat\u00e1s fel\u00e9 t\u00f6rt\u00e9n\u0151 automatikus adatk\u00fcld\u00e9st, an\u00e9lk\u00fcl, hogy ez b\u00e1rmilyen m\u00f3don befoly\u00e1soln\u00e1 a honlapunkon val\u00f3 b\u00f6ng\u00e9sz\u00e9st. A Google-nak\u00a0<a href=\"https:\/\/tools.google.com\/dlpage\/gaoptout\" target=\"_blank\" rel=\"noopener\">ezen a weboldal\u00e1n<\/a>\u00a0b\u0151vebben is t\u00e1j\u00e9koz\u00f3dhat arr\u00f3l, hogy hogyan akad\u00e1lyozhatja meg azt, hogy a Google Analytics adatokat gy\u0171jts\u00f6n \u00d6nr\u0151l az \u00d6n \u00e1ltal megl\u00e1togatott b\u00e1rmely weboldalakon.<\/p>\n<p><strong>YouTube vide\u00f3k<\/strong><\/p>\n<p>Honlapunkra YouTube vide\u00f3kat is be\u00e1gyazunk. Felh\u00edvjuk figyelm\u00e9t, hogy a\u00a0YouTube\u00a0vide\u00f3 megoszt\u00f3 oldal az adatv\u00e9delemre \u00e9s a cookie-k haszn\u00e1lat\u00e1ra vonatkoz\u00f3an saj\u00e1t szab\u00e1lyzatot k\u00f6vet, amire a Tempus K\u00f6zalap\u00edtv\u00e1nynak nincs befoly\u00e1sa. B\u0151vebb inform\u00e1ci\u00f3k\u00e9rt javasoljuk, hogy tekintse meg a YouTube adatv\u00e9delmi ir\u00e1nyelveit tartalmaz\u00f3 dokumentumokat.<\/p>\n<p><strong>Facebook<\/strong><\/p>\n<p>Ahhoz, hogy hat\u00e9konyabb \u00e9s szem\u00e9lyre szabottabb Facebook hirdet\u00e9seket jelen\u00edts\u00fcnk meg felhaszn\u00e1l\u00f3ink sz\u00e1m\u00e1ra, sz\u00fcks\u00e9g\u00fcnk van a Facebook pixel ind\u00edt\u00e1s\u00e1ra. A Facebook pixel haszn\u00e1lat\u00e1val a weboldalunkra l\u00e1togat\u00f3 felhaszn\u00e1l\u00f3k sz\u00e1m\u00edt\u00f3g\u00e9p\u00e9re \u2013 kiz\u00e1r\u00f3lag a felhaszn\u00e1l\u00f3 hozz\u00e1j\u00e1rul\u00e1s\u00e1t k\u00f6vet\u0151en &#8211; egy cookie ker\u00fcl, amelynek seg\u00edts\u00e9g\u00e9vel pontosabban tudunk hirdet\u00e9seket megjelen\u00edteni sz\u00e1mukra, valamint a seg\u00edts\u00e9g\u00fckkel konverzi\u00f3s inform\u00e1ci\u00f3khoz is jutunk.<\/p>\n<p>A cookie-k telep\u00edt\u00e9s\u00e9t a felhaszn\u00e1l\u00f3k b\u00e1rmikor letilthatj\u00e1k a b\u00f6ng\u00e9sz\u0151j\u00fckben, ezut\u00e1n nem szerepelnek a l\u00e1togat\u00e1si illetve konverzi\u00f3k\u00f6vet\u00e9si statisztik\u00e1kban. Ha egy weboldal l\u00e1togat\u00f3 visszavonja a hozz\u00e1j\u00e1rul\u00e1s\u00e1t a Facebook pixelek m\u0171k\u00f6d\u00e9s\u00e9hez, az oldal \u00fajrat\u00f6lt\u00e9se ut\u00e1n t\u00f6rl\u0151dnek a b\u00f6ng\u00e9sz\u0151j\u00e9b\u0151l a kapcsol\u00f3d\u00f3 cookie-k.<\/p>\n<p>A Facebookon bel\u00fcl b\u00e1rmely felhaszn\u00e1l\u00f3 m\u00f3dos\u00edthatja\u00a0<a href=\"https:\/\/www.facebook.com\/ads\/preferences\" target=\"_blank\" rel=\"noopener\">hirdet\u00e9si be\u00e1ll\u00edt\u00e1sait ezen a linken kereszt\u00fcl<\/a>. A Facebook\u00a0<a href=\"https:\/\/www.facebook.com\/privacy\" target=\"_blank\" rel=\"noopener\">adatv\u00e9delmi inform\u00e1ci\u00f3i itt tal\u00e1lhat\u00f3k<\/a>.<\/p>\n<p><strong>Hogyan kezelheti \u00d6n a s\u00fctiket?<\/strong><\/p>\n<p>\u00d6nnek lehet\u0151s\u00e9ge van arra, hogy tetsz\u00e9s szerint kezelje \u00e9s\/vagy t\u00f6r\u00f6lje a s\u00fctiket. K\u00e9rj\u00fck, hogy az ezzel kapcsolatos tudnival\u00f3k\u00e9rt l\u00e1togasson el az\u00a0<a href=\"https:\/\/aboutcookies.org\/\" target=\"_blank\" rel=\"noopener\">aboutcookies.org<\/a>\u00a0weboldalra. Lehet\u0151s\u00e9ge van arra, hogy t\u00f6r\u00f6lje a sz\u00e1m\u00edt\u00f3g\u00e9p\u00e9n t\u00e1rolt \u00f6sszes s\u00fctit, \u00e9s a b\u00f6ng\u00e9sz\u0151programok t\u00f6bbs\u00e9g\u00e9ben le tudja tiltani a telep\u00edt\u00e9s\u00fcket is. Ebben az esetben azonban el\u0151fordulhat, hogy minden alkalommal, amikor ell\u00e1togat egy adott oldalra, manu\u00e1lisan el kell v\u00e9geznie egyes be\u00e1ll\u00edt\u00e1sokat, \u00e9s a s\u00fctik telep\u00edt\u00e9s\u00e9nek h\u00edj\u00e1n megt\u00f6rt\u00e9nhet az is, hogy bizonyos szolg\u00e1ltat\u00e1sok \u00e9s funkci\u00f3k esetleg nem fognak m\u0171k\u00f6dni. A be\u00e1ll\u00edt\u00e1si lehet\u0151s\u00e9gek \u00e1ltal\u00e1ban a b\u00f6ng\u00e9sz\u0151 \u201eOpci\u00f3k\u201d vagy \u201eBe\u00e1ll\u00edt\u00e1sok\u201d men\u00fcpontj\u00e1ban tal\u00e1lhat\u00f3k.<\/p>\n<p>S\u00fcti be\u00e1ll\u00edt\u00e1sok kezel\u00e9se:<\/p>\n<p>[cmplz-manage-consent]<\/p>\n<p><strong>Biztons\u00e1g<\/strong><\/p>\n<p>A Tempus K\u00f6zalap\u00edtv\u00e1ny elk\u00f6telezett a szem\u00e9lyes adatok v\u00e9delme ir\u00e1nt, \u00fcgyfeleire vonatkoz\u00f3 szem\u00e9lyes adatokkal nem kereskedik (nem adja el, nem adja b\u00e9rbe \u00e9s nem is k\u00f6lcs\u00f6nzi). A Tempus K\u00f6zalap\u00edtv\u00e1ny az inform\u00e1ci\u00f3s \u00f6nrendelkez\u00e9si jogr\u00f3l \u00e9s az inform\u00e1ci\u00f3szabads\u00e1gr\u00f3l sz\u00f3l\u00f3 2011. \u00e9vi CXII. t\u00f6rv\u00e9ny rendelkez\u00e9sei alapj\u00e1n v\u00e9gzi az adatkezel\u00e9seit \u00e9s vezeti a t\u00f6rv\u00e9nyben el\u0151\u00edrt nyilv\u00e1ntart\u00e1sokat. A Tempus K\u00f6zalap\u00edtv\u00e1ny gondoskodik az adatok biztons\u00e1g\u00e1r\u00f3l, megteszi azokat a fizikai \u00e9s technikai int\u00e9zked\u00e9seket, amelyek biztos\u00edtj\u00e1k, hogy a felvett, t\u00e1rolt, illetve kezelt adatok pontosak legyenek, v\u00e9dettek legyenek, illet\u0151leg mindent megtesz annak \u00e9rdek\u00e9ben, hogy megakad\u00e1lyozza azok megsemmis\u00fcl\u00e9s\u00e9t, jogosulatlan felhaszn\u00e1l\u00e1s\u00e1t \u00e9s jogosulatlan megv\u00e1ltoztat\u00e1s\u00e1t.<\/p>\n<\/div><\/section>\n","protected":false},"excerpt":{"rendered":"","protected":false},"author":1,"featured_media":0,"parent":0,"menu_order":0,"comment_status":"closed","ping_status":"closed","template":"","meta":{"footnotes":""},"class_list":["post-5124","page","type-page","status-publish","hentry"],"_links":{"self":[{"href":"https:\/\/diasporascholarship.hu\/hu\/wp-json\/wp\/v2\/pages\/5124","targetHints":{"allow":["GET"]}}],"collection":[{"href":"https:\/\/diasporascholarship.hu\/hu\/wp-json\/wp\/v2\/pages"}],"about":[{"href":"https:\/\/diasporascholarship.hu\/hu\/wp-json\/wp\/v2\/types\/page"}],"author":[{"embeddable":true,"href":"https:\/\/diasporascholarship.hu\/hu\/wp-json\/wp\/v2\/users\/1"}],"replies":[{"embeddable":true,"href":"https:\/\/diasporascholarship.hu\/hu\/wp-json\/wp\/v2\/comments?post=5124"}],"version-history":[{"count":0,"href":"https:\/\/diasporascholarship.hu\/hu\/wp-json\/wp\/v2\/pages\/5124\/revisions"}],"wp:attachment":[{"href":"https:\/\/diasporascholarship.hu\/hu\/wp-json\/wp\/v2\/media?parent=5124"}],"curies":[{"name":"wp","href":"https:\/\/api.w.org\/{rel}","templated":true}]}}